{"id":8784,"date":"2020-01-03T15:00:18","date_gmt":"2020-01-03T12:00:18","guid":{"rendered":"https:\/\/past.hrportal.md\/blog\/"},"modified":"2020-01-10T23:57:06","modified_gmt":"2020-01-10T20:57:06","slug":"blog","status":"publish","type":"page","link":"https:\/\/past.hrportal.md\/en\/blog\/","title":{"rendered":"Blog"},"content":{"rendered":"<p>[vc_row css=&#8221;.vc_custom_1565256779138{padding-top: 50px !important;padding-bottom: 90px !important;}&#8221;][vc_column align=&#8221;text-center&#8221; offset=&#8221;vc_col-md-offset-2 vc_col-md-8&#8243;]<style>.ld_fancy_heading_69efda8d05a73 h3 {margin-bottom:0.15em !important;  } .ld_fancy_heading_69efda8d05a73 .lqd-highlight-inner{height:0.275em;bottom:0px;}.ld_fancy_heading_69efda8d05a73 h3 {margin-bottom:0.15em !important;  } <\/style><div class=\"ld-fancy-heading ld_fancy_heading_69efda8d05a73\">\n\t<h3 class=\"lqd-highlight-underline lqd-highlight-grow-left\" ><span class=\"ld-fh-txt\"> Blog<\/span><\/h3><\/div><style>.ld_fancy_heading_69efda8d05e59 .lqd-highlight-inner{height:0.275em;bottom:0px;}<\/style><div class=\"ld-fancy-heading ld_fancy_heading_69efda8d05e59\">\n\t<p class=\"lqd-highlight-underline lqd-highlight-grow-left\" ><span class=\"ld-fh-txt\"> HRPortal&#8217;s blog<\/span><\/p><\/div><style>.ld_spacer_69efda8d0604f{height:60px;}<\/style>\n<div class=\"ld-empty-space ld_spacer_69efda8d0604f\"><span class=\"liquid_empty_space_inner\"><\/span><\/div>[\/vc_column][vc_column]<style>.ld_blog_69efda8d061fb .liquid-blog-grid{margin-left:-15px;margin-right:-15px;}.ld_blog_69efda8d061fb .liquid-blog-grid > div{padding-left:15px;padding-right:15px;}.ld_blog_69efda8d061fb .liquid-blog-grid .liquid-lp{margin-bottom:30px;}.ld_blog_69efda8d061fb .filter-list{margin-bottom:px;}.ld_blog_69efda8d061fb .liquid-blog-item .liquid-lp-title,.ld_blog_69efda8d061fb .liquid-lp .liquid-lp-title{font-size:36;font-weight:500!important;margin-top:px;margin-bottom:px;}<\/style><div data-filter-id=\"ld-1565255385378-aeae65e0-7ea4\" class=\"liquid-blog-posts ld_blog_69efda8d061fb ld-1565255385379-7fdb0d98-6bb4 \" data-post-per-page=\"5\"><div class=\"liquid-blog-grid liquid-blog-style-split row\" data-liquid-masonry=\"true\" data-masonry-options='{ \"stagger\": 50, \"hiddenStyle\": { \"transform\": \"translateY(100px)\", \"opacity\": 0 }, \"visibleStyle\": { \"transform\": \"translateY(0)\", \"opacity\": 1 }, \"filtersID\": \"#ld-1565255385378-aeae65e0-7ea4\" }'><div class=\"col-sm-12 masonry-item blog-en\"><article id=\"post-9538\" class=\"liquid-lp liquid-blog-item liquid-blog-item-split liquid-blog-scheme-dark liquid-blog-scheme-dark-alt post-9538 post type-post status-publish format-standard hentry category-blog-en\">\n<div class=\"liquid-blog-item-inner\">\n\t<a  href=\"https:\/\/past.hrportal.md\/en\/2020\/03\/20\/cum-perfectam-corect-somajul-tehnic-in-conditiile-actuale-de-situatie-exceptionala-2\/\" class=\"liquid-overlay-link\">Cum perfect\u0103m corect \u0218OMAJUL TEHNIC \u00een condi\u021biile actuale de situa\u021bie excep\u021bional\u0103?<\/a>\t<header class=\"liquid-lp-header\">\n\t\t<h2 class=\"liquid-lp-title font-weight-bold h3 size-md\">\n\t\t\t<a href=\"https:\/\/past.hrportal.md\/en\/2020\/03\/20\/cum-perfectam-corect-somajul-tehnic-in-conditiile-actuale-de-situatie-exceptionala-2\/\" data-split-text=\"true\" data-split-options='{ \"type\": \"lines\" }'>Cum perfect\u0103m corect \u0218OMAJUL TEHNIC \u00een condi\u021biile actuale de situa\u021bie excep\u021bional\u0103?<\/a>\n\t\t<\/h2>\n\t\t<div class=\"liquid-lp-details liquid-lp-details-lined size-sm text-uppercase lp-sp-1\">\n\t\t\t\t\t\t<time class=\"published updated liquid-lp-date\" datetime=\"2020-03-20T14:02:32+03:00\">March 20, 2020<\/time>\t\t<\/div><!-- \/.liquid-lp-details -->\n\t<\/header>\n\t\n\t\t\t\t<div class=\"liquid-lp-excerpt entry-summary \">\n\t\t\t\t<p>\u00cen condi\u021biile actuale de instaurare a unei situa\u021bii de criz\u0103 f\u0103r\u0103 precedent, care determin\u0103 diminuarea sau \u00een general sistarea activit\u0103\u021bii\u00a0 a multor unit\u0103\u021bi economice, totodat\u0103 sc\u0103derea posibilit\u0103\u021bii de onorare a obliga\u021biilor financiare fa\u021b\u0103 de salaria\u021bi, angajatorii sunt \u00een c\u0103utarea solu\u021biilor<\/p>\n\t\t\t<\/div><!-- \/.latest-post-excerpt -->\n\t\t\t\n\t<footer class=\"liquid-lp-footer\">\n\t\t<a href=\"https:\/\/past.hrportal.md\/en\/2020\/03\/20\/cum-perfectam-corect-somajul-tehnic-in-conditiile-actuale-de-situatie-exceptionala-2\/\" class=\"btn btn-naked text-uppercase ltr-sp-1 size-sm font-weight-bold liquid-lp-read-more\">\n\t\t\t<span>\n\t\t\t\t<span class=\"btn-line btn-line-before\"><\/span>\n\t\t\t\t<span class=\"btn-txt\">Continue Reading<\/span>\n\t\t\t\t<span class=\"btn-line btn-line-after\"><\/span>\n\t\t\t<\/span>\n\t\t<\/a>\n\t<\/footer>\n\t\n<\/div><!-- \/.liquid-blog-item-inner --><\/article><\/div><div class=\"col-sm-12 masonry-item blog-en\"><article id=\"post-8997\" class=\"liquid-lp liquid-blog-item liquid-blog-item-split liquid-blog-scheme-dark liquid-blog-scheme-dark-alt post-8997 post type-post status-publish format-standard has-post-thumbnail hentry category-blog-en\"><figure class=\"liquid-lp-media \"  ><a  href=\"https:\/\/past.hrportal.md\/en\/2020\/01\/10\/profesionisti-hr-experti-cu-renume-si-modificari-analizate-complex-la-cea-de-a-6-a-editie-a-conferintei-legislatia-muncii\/\"><img loading=\"lazy\" decoding=\"async\" width=\"570\" height=\"350\" src=\"https:\/\/past.hrportal.md\/wp-content\/uploads\/2019\/10\/IMG_3243-1-570x350.jpg\" class=\"attachment-liquid-split-blog size-liquid-split-blog wp-post-image\" alt=\"\u0410\u0443\u0442\u0441\u043e\u0440\u0442\u0438\u043d\u0433 \u0438 \u0443\u043f\u0440\u0430\u0432\u043b\u0435\u043d\u0438\u0435 \u043f\u0435\u0440\u0441\u043e\u043d\u0430\u043b\u043e\u043c \u0432 \u041c\u043e\u043b\u0434\u043e\u0432\u0435\" \/><\/a><\/figure>\n<div class=\"liquid-blog-item-inner\">\n\t<a  href=\"https:\/\/past.hrportal.md\/en\/2020\/01\/10\/profesionisti-hr-experti-cu-renume-si-modificari-analizate-complex-la-cea-de-a-6-a-editie-a-conferintei-legislatia-muncii\/\" class=\"liquid-overlay-link\">HR professionals, renowned experts, and comprehensively analyzed modifications at the 6th Labor Law Conference<\/a>\t<header class=\"liquid-lp-header\">\n\t\t<h2 class=\"liquid-lp-title font-weight-bold h3 size-md\">\n\t\t\t<a href=\"https:\/\/past.hrportal.md\/en\/2020\/01\/10\/profesionisti-hr-experti-cu-renume-si-modificari-analizate-complex-la-cea-de-a-6-a-editie-a-conferintei-legislatia-muncii\/\" data-split-text=\"true\" data-split-options='{ \"type\": \"lines\" }'>HR professionals, renowned experts, and comprehensively analyzed modifications at the 6th Labor Law Conference<\/a>\n\t\t<\/h2>\n\t\t<div class=\"liquid-lp-details liquid-lp-details-lined size-sm text-uppercase lp-sp-1\">\n\t\t\t\t\t\t<time class=\"published updated liquid-lp-date\" datetime=\"2020-01-10T23:50:16+03:00\">January 10, 2020<\/time>\t\t<\/div><!-- \/.liquid-lp-details -->\n\t<\/header>\n\t\n\t\t\t\t<div class=\"liquid-lp-excerpt entry-summary \">\n\t\t\t\t<p>Over the years, the sphere of legislation in the Republic of Moldova has demonstrated the tendency to be surprisingly dynamic \u2013 laws go through continuous amendments, and those regarding human resources are no exception. Professionals in the sphere, concerned with<\/p>\n\t\t\t<\/div><!-- \/.latest-post-excerpt -->\n\t\t\t\n\t<footer class=\"liquid-lp-footer\">\n\t\t<a href=\"https:\/\/past.hrportal.md\/en\/2020\/01\/10\/profesionisti-hr-experti-cu-renume-si-modificari-analizate-complex-la-cea-de-a-6-a-editie-a-conferintei-legislatia-muncii\/\" class=\"btn btn-naked text-uppercase ltr-sp-1 size-sm font-weight-bold liquid-lp-read-more\">\n\t\t\t<span>\n\t\t\t\t<span class=\"btn-line btn-line-before\"><\/span>\n\t\t\t\t<span class=\"btn-txt\">Continue Reading<\/span>\n\t\t\t\t<span class=\"btn-line btn-line-after\"><\/span>\n\t\t\t<\/span>\n\t\t<\/a>\n\t<\/footer>\n\t\n<\/div><!-- \/.liquid-blog-item-inner --><\/article><\/div><div class=\"col-sm-12 masonry-item blog-en\"><article id=\"post-8989\" class=\"liquid-lp liquid-blog-item liquid-blog-item-split liquid-blog-scheme-dark liquid-blog-scheme-dark-alt post-8989 post type-post status-publish format-standard has-post-thumbnail hentry category-blog-en\"><figure class=\"liquid-lp-media \"  ><a  href=\"https:\/\/past.hrportal.md\/en\/2020\/01\/10\/why-use-hr-outsourcing-services\/\"><img loading=\"lazy\" decoding=\"async\" width=\"570\" height=\"350\" src=\"https:\/\/past.hrportal.md\/wp-content\/uploads\/2019\/09\/DSC_25101-570x350.jpg\" class=\"attachment-liquid-split-blog size-liquid-split-blog wp-post-image\" alt=\"\u0410\u0443\u0442\u0441\u043e\u0440\u0442\u0438\u043d\u0433 \u0438 \u0443\u043f\u0440\u0430\u0432\u043b\u0435\u043d\u0438\u0435 \u043f\u0435\u0440\u0441\u043e\u043d\u0430\u043b\u043e\u043c \u0432 \u041c\u043e\u043b\u0434\u043e\u0432\u0435\" \/><\/a><\/figure>\n<div class=\"liquid-blog-item-inner\">\n\t<a  href=\"https:\/\/past.hrportal.md\/en\/2020\/01\/10\/why-use-hr-outsourcing-services\/\" class=\"liquid-overlay-link\">Why use HR outsourcing services<\/a>\t<header class=\"liquid-lp-header\">\n\t\t<h2 class=\"liquid-lp-title font-weight-bold h3 size-md\">\n\t\t\t<a href=\"https:\/\/past.hrportal.md\/en\/2020\/01\/10\/why-use-hr-outsourcing-services\/\" data-split-text=\"true\" data-split-options='{ \"type\": \"lines\" }'>Why use HR outsourcing services<\/a>\n\t\t<\/h2>\n\t\t<div class=\"liquid-lp-details liquid-lp-details-lined size-sm text-uppercase lp-sp-1\">\n\t\t\t\t\t\t<time class=\"published updated liquid-lp-date\" datetime=\"2020-01-10T23:43:55+03:00\">January 10, 2020<\/time>\t\t<\/div><!-- \/.liquid-lp-details -->\n\t<\/header>\n\t\n\t\t\t\t<div class=\"liquid-lp-excerpt entry-summary \">\n\t\t\t\t<p>[vc_row][vc_column][vc_column_text]Every day, I come across entrepreneurs stating they are fed up with unproductive employees demanding high salaries, numerous teams failing to fulfill their tasks, or money muddled for promises. What if each of them could delegate all these worries to<\/p>\n\t\t\t<\/div><!-- \/.latest-post-excerpt -->\n\t\t\t\n\t<footer class=\"liquid-lp-footer\">\n\t\t<a href=\"https:\/\/past.hrportal.md\/en\/2020\/01\/10\/why-use-hr-outsourcing-services\/\" class=\"btn btn-naked text-uppercase ltr-sp-1 size-sm font-weight-bold liquid-lp-read-more\">\n\t\t\t<span>\n\t\t\t\t<span class=\"btn-line btn-line-before\"><\/span>\n\t\t\t\t<span class=\"btn-txt\">Continue Reading<\/span>\n\t\t\t\t<span class=\"btn-line btn-line-after\"><\/span>\n\t\t\t<\/span>\n\t\t<\/a>\n\t<\/footer>\n\t\n<\/div><!-- \/.liquid-blog-item-inner --><\/article><\/div><div class=\"col-sm-12 masonry-item blog-en\"><article id=\"post-8815\" class=\"liquid-lp liquid-blog-item liquid-blog-item-split liquid-blog-scheme-dark liquid-blog-scheme-dark-alt post-8815 post type-post status-publish format-standard has-post-thumbnail hentry category-blog-en\"><figure class=\"liquid-lp-media \"  ><a  href=\"https:\/\/past.hrportal.md\/en\/2019\/11\/25\/cum-selectezi-compania-de-servicii-outsource-in-hr\/\"><img loading=\"lazy\" decoding=\"async\" width=\"545\" height=\"350\" src=\"https:\/\/past.hrportal.md\/wp-content\/uploads\/2019\/12\/payroll-545x350.jpg\" class=\"attachment-liquid-split-blog size-liquid-split-blog wp-post-image\" alt=\"\u0410\u0443\u0442\u0441\u043e\u0440\u0442\u0438\u043d\u0433 \u0438 \u0443\u043f\u0440\u0430\u0432\u043b\u0435\u043d\u0438\u0435 \u043f\u0435\u0440\u0441\u043e\u043d\u0430\u043b\u043e\u043c \u0432 \u041c\u043e\u043b\u0434\u043e\u0432\u0435\" \/><\/a><\/figure>\n<div class=\"liquid-blog-item-inner\">\n\t<a  href=\"https:\/\/past.hrportal.md\/en\/2019\/11\/25\/cum-selectezi-compania-de-servicii-outsource-in-hr\/\" class=\"liquid-overlay-link\">Selecting an outsource HR services company<\/a>\t<header class=\"liquid-lp-header\">\n\t\t<h2 class=\"liquid-lp-title font-weight-bold h3 size-md\">\n\t\t\t<a href=\"https:\/\/past.hrportal.md\/en\/2019\/11\/25\/cum-selectezi-compania-de-servicii-outsource-in-hr\/\" data-split-text=\"true\" data-split-options='{ \"type\": \"lines\" }'>Selecting an outsource HR services company<\/a>\n\t\t<\/h2>\n\t\t<div class=\"liquid-lp-details liquid-lp-details-lined size-sm text-uppercase lp-sp-1\">\n\t\t\t\t\t\t<time class=\"published updated liquid-lp-date\" datetime=\"2019-11-25T13:00:40+03:00\">November 25, 2019<\/time>\t\t<\/div><!-- \/.liquid-lp-details -->\n\t<\/header>\n\t\n\t\t\t\t<div class=\"liquid-lp-excerpt entry-summary \">\n\t\t\t\t<p>Transmitting your employees\u2019 \u201clives\u201d into the hands of an external company, dealing with all aspects of their professional comfort \u2013 from salaries and documents to safety and health \u2013 is unquestionably quite a responsible decision. Such a company can save<\/p>\n\t\t\t<\/div><!-- \/.latest-post-excerpt -->\n\t\t\t\n\t<footer class=\"liquid-lp-footer\">\n\t\t<a href=\"https:\/\/past.hrportal.md\/en\/2019\/11\/25\/cum-selectezi-compania-de-servicii-outsource-in-hr\/\" class=\"btn btn-naked text-uppercase ltr-sp-1 size-sm font-weight-bold liquid-lp-read-more\">\n\t\t\t<span>\n\t\t\t\t<span class=\"btn-line btn-line-before\"><\/span>\n\t\t\t\t<span class=\"btn-txt\">Continue Reading<\/span>\n\t\t\t\t<span class=\"btn-line btn-line-after\"><\/span>\n\t\t\t<\/span>\n\t\t<\/a>\n\t<\/footer>\n\t\n<\/div><!-- \/.liquid-blog-item-inner --><\/article><\/div><\/div><!--\/ .row --><\/div><!--\/ .liquid-blog-posts -->[\/vc_column][\/vc_row]<\/p>\n","protected":false},"excerpt":{"rendered":"<p>[vc_row css=&#8221;.vc_custom_1565256779138{padding-top: 50px !important;padding-bottom: 90px !important;}&#8221;][vc_column align=&#8221;text-center&#8221; offset=&#8221;vc_col-md-offset-2 vc_col-md-8&#8243;][\/vc_column][vc_column][\/vc_column][\/vc_row]<\/p>\n","protected":false},"author":1,"featured_media":0,"parent":0,"menu_order":0,"comment_status":"closed","ping_status":"closed","template":"","meta":{"footnotes":""},"class_list":["post-8784","page","type-page","status-publish","hentry"],"yoast_head":"<!-- This site is optimized with the Yoast SEO plugin v27.4 - https:\/\/yoast.com\/product\/yoast-seo-wordpress\/ -->\n<title>Blog | HRPortal<\/title>\n<meta name=\"robots\" content=\"index, follow, max-snippet:-1, max-image-preview:large, max-video-preview:-1\" \/>\n<link rel=\"canonical\" href=\"https:\/\/past.hrportal.md\/en\/blog\/\" \/>\n<meta property=\"og:locale\" content=\"en_US\" \/>\n<meta property=\"og:type\" content=\"article\" \/>\n<meta property=\"og:title\" content=\"Blog | HRPortal\" \/>\n<meta property=\"og:description\" content=\"[vc_row css=&#8221;.vc_custom_1565256779138{padding-top: 50px !important;padding-bottom: 90px !important;}&#8221;][vc_column align=&#8221;text-center&#8221; offset=&#8221;vc_col-md-offset-2 vc_col-md-8&#8243;][\/vc_column][vc_column][\/vc_column][\/vc_row]\" \/>\n<meta property=\"og:url\" content=\"https:\/\/past.hrportal.md\/en\/blog\/\" \/>\n<meta property=\"og:site_name\" content=\"HRPortal\" \/>\n<meta property=\"article:modified_time\" content=\"2020-01-10T20:57:06+00:00\" \/>\n<meta name=\"twitter:card\" content=\"summary_large_image\" \/>\n<meta name=\"twitter:label1\" content=\"Est. reading time\" \/>\n\t<meta name=\"twitter:data1\" content=\"1 minute\" \/>\n<script type=\"application\/ld+json\" class=\"yoast-schema-graph\">{\"@context\":\"https:\\\/\\\/schema.org\",\"@graph\":[{\"@type\":\"WebPage\",\"@id\":\"https:\\\/\\\/past.hrportal.md\\\/en\\\/blog\\\/\",\"url\":\"https:\\\/\\\/past.hrportal.md\\\/en\\\/blog\\\/\",\"name\":\"Blog | HRPortal\",\"isPartOf\":{\"@id\":\"https:\\\/\\\/past.hrportal.md\\\/ro\\\/#website\"},\"datePublished\":\"2020-01-03T12:00:18+00:00\",\"dateModified\":\"2020-01-10T20:57:06+00:00\",\"breadcrumb\":{\"@id\":\"https:\\\/\\\/past.hrportal.md\\\/en\\\/blog\\\/#breadcrumb\"},\"inLanguage\":\"en-US\",\"potentialAction\":[{\"@type\":\"ReadAction\",\"target\":[\"https:\\\/\\\/past.hrportal.md\\\/en\\\/blog\\\/\"]}]},{\"@type\":\"BreadcrumbList\",\"@id\":\"https:\\\/\\\/past.hrportal.md\\\/en\\\/blog\\\/#breadcrumb\",\"itemListElement\":[{\"@type\":\"ListItem\",\"position\":1,\"name\":\"Prima pagin\u0103\",\"item\":\"https:\\\/\\\/past.hrportal.md\\\/en\\\/\"},{\"@type\":\"ListItem\",\"position\":2,\"name\":\"Blog\"}]},{\"@type\":\"WebSite\",\"@id\":\"https:\\\/\\\/past.hrportal.md\\\/ro\\\/#website\",\"url\":\"https:\\\/\\\/past.hrportal.md\\\/ro\\\/\",\"name\":\"HRPortal\",\"description\":\"Cursuri de instruire \u0219i consultan\u021b\u0103 \u00een managementul resurselor umane\",\"potentialAction\":[{\"@type\":\"SearchAction\",\"target\":{\"@type\":\"EntryPoint\",\"urlTemplate\":\"https:\\\/\\\/past.hrportal.md\\\/ro\\\/?s={search_term_string}\"},\"query-input\":{\"@type\":\"PropertyValueSpecification\",\"valueRequired\":true,\"valueName\":\"search_term_string\"}}],\"inLanguage\":\"en-US\"}]}<\/script>\n<!-- \/ Yoast SEO plugin. -->","yoast_head_json":{"title":"Blog | HRPortal","robots":{"index":"index","follow":"follow","max-snippet":"max-snippet:-1","max-image-preview":"max-image-preview:large","max-video-preview":"max-video-preview:-1"},"canonical":"https:\/\/past.hrportal.md\/en\/blog\/","og_locale":"en_US","og_type":"article","og_title":"Blog | HRPortal","og_description":"[vc_row css=&#8221;.vc_custom_1565256779138{padding-top: 50px !important;padding-bottom: 90px !important;}&#8221;][vc_column align=&#8221;text-center&#8221; offset=&#8221;vc_col-md-offset-2 vc_col-md-8&#8243;][\/vc_column][vc_column][\/vc_column][\/vc_row]","og_url":"https:\/\/past.hrportal.md\/en\/blog\/","og_site_name":"HRPortal","article_modified_time":"2020-01-10T20:57:06+00:00","twitter_card":"summary_large_image","twitter_misc":{"Est. reading time":"1 minute"},"schema":{"@context":"https:\/\/schema.org","@graph":[{"@type":"WebPage","@id":"https:\/\/past.hrportal.md\/en\/blog\/","url":"https:\/\/past.hrportal.md\/en\/blog\/","name":"Blog | HRPortal","isPartOf":{"@id":"https:\/\/past.hrportal.md\/ro\/#website"},"datePublished":"2020-01-03T12:00:18+00:00","dateModified":"2020-01-10T20:57:06+00:00","breadcrumb":{"@id":"https:\/\/past.hrportal.md\/en\/blog\/#breadcrumb"},"inLanguage":"en-US","potentialAction":[{"@type":"ReadAction","target":["https:\/\/past.hrportal.md\/en\/blog\/"]}]},{"@type":"BreadcrumbList","@id":"https:\/\/past.hrportal.md\/en\/blog\/#breadcrumb","itemListElement":[{"@type":"ListItem","position":1,"name":"Prima pagin\u0103","item":"https:\/\/past.hrportal.md\/en\/"},{"@type":"ListItem","position":2,"name":"Blog"}]},{"@type":"WebSite","@id":"https:\/\/past.hrportal.md\/ro\/#website","url":"https:\/\/past.hrportal.md\/ro\/","name":"HRPortal","description":"Cursuri de instruire \u0219i consultan\u021b\u0103 \u00een managementul resurselor umane","potentialAction":[{"@type":"SearchAction","target":{"@type":"EntryPoint","urlTemplate":"https:\/\/past.hrportal.md\/ro\/?s={search_term_string}"},"query-input":{"@type":"PropertyValueSpecification","valueRequired":true,"valueName":"search_term_string"}}],"inLanguage":"en-US"}]}},"_links":{"self":[{"href":"https:\/\/past.hrportal.md\/en\/wp-json\/wp\/v2\/pages\/8784","targetHints":{"allow":["GET"]}}],"collection":[{"href":"https:\/\/past.hrportal.md\/en\/wp-json\/wp\/v2\/pages"}],"about":[{"href":"https:\/\/past.hrportal.md\/en\/wp-json\/wp\/v2\/types\/page"}],"author":[{"embeddable":true,"href":"https:\/\/past.hrportal.md\/en\/wp-json\/wp\/v2\/users\/1"}],"replies":[{"embeddable":true,"href":"https:\/\/past.hrportal.md\/en\/wp-json\/wp\/v2\/comments?post=8784"}],"version-history":[{"count":0,"href":"https:\/\/past.hrportal.md\/en\/wp-json\/wp\/v2\/pages\/8784\/revisions"}],"wp:attachment":[{"href":"https:\/\/past.hrportal.md\/en\/wp-json\/wp\/v2\/media?parent=8784"}],"curies":[{"name":"wp","href":"https:\/\/api.w.org\/{rel}","templated":true}]}}