{"id":10500,"date":"2021-06-08T14:31:12","date_gmt":"2021-06-08T11:31:12","guid":{"rendered":"https:\/\/past.hrportal.md\/?post_type=event_listing&#038;p=10500"},"modified":"2024-01-19T14:33:08","modified_gmt":"2024-01-19T11:33:08","slug":"seminar-practic-perfectarea-concediilor-si-salarizarea-muncii","status":"publish","type":"event_listing","link":"https:\/\/past.hrportal.md\/ro\/event\/seminar-practic-perfectarea-concediilor-si-salarizarea-muncii\/","title":{"rendered":"Seminar practic: Perfectarea concediilor \u0219i salarizarea muncii"},"content":{"rendered":"<p><span style=\"font-size: 18px; color: #808000;\"><strong>Seminar 1: Particularit\u0103\u021bi privind perfectarea concediilor anuale \u0219i sociale.<\/strong><\/span><\/p>\n<p>Cum se perfecteaz\u0103 corect rechemarea din concediu, cum se efectueaz\u0103\u00a0 calcularea vechimii \u00een munc\u0103 pentru acordarea concediilor, cum prelungim concediile \u00eentrerupte din diverse motive, c\u00eend \u0219i cum se acord\u0103 compensarea concediilor. Acestea \u0219i multe alte subiecte privind concediile \u0219i salarizarea vor fi abordate \u00een cadrul seminarului practic.<\/p>\n<p><strong>Subiecte abordate:<\/strong><\/p>\n<ol>\n<li>Acte normative ce reglementeaz\u0103 acordarea concediilor<\/li>\n<li>Formele principale a timpului de odihn\u0103<\/li>\n<li>Concediile anuale. Tipurile de concedii\u00a0 anuale:<\/li>\n<\/ol>\n<ul>\n<li>\u00a0de odihn\u0103 anuale pl\u0103tite(garan\u021bii, durat\u0103 \u0219i mod de acordare, calcularea vechimii \u00een munc\u0103, programare,rechemare,compensare);<\/li>\n<li>de odihn\u0103 anuale\u00a0 suplimentare;<\/li>\n<li>nepl\u0103tite.<\/li>\n<\/ul>\n<p>4. Modele de \u00eentocmire a cererilor, ordinelor \u0219i completare a registrelor.<\/p>\n<p>5. Concediile sociale. Tipuri de concedii sociale:<\/p>\n<ul>\n<li>medicale;<\/li>\n<li>de maternitate;<\/li>\n<li>par\u021bial pl\u0103tite de \u00eengrijire a copilului p\u00een\u0103 la v\u00eersta de 3 ani<\/li>\n<li>paternale;<\/li>\n<li>suplimentar nepl\u0103tite de \u00eengrijire a copilului \u00een v\u00eersta de la 3 la 4 ani.<\/li>\n<\/ul>\n<p><strong>Formator<\/strong>: Olga Catan, \u0218ef departament resurse umane HR Portal SRL<\/p>\n<p><strong>C\u00eend: 22 Iunie<\/strong><\/p>\n<p><strong>Investi\u021bia: 499 lei<\/strong><\/p>\n<p>&nbsp;<\/p>\n<p><strong><span style=\"font-size: 18px; color: #808000;\">Seminar 2: Salarizarea muncii &#8211; actualit\u0103\u021bi \u00een legisla\u021bie.<\/span><\/strong><\/p>\n<p><strong>Subiecte abordate:<\/strong><strong>\u00a0<\/strong><\/p>\n<p>1.\u00a0 \u00a0<strong>Sistemul unitar de salarizare \u00een sectorul bugetar<\/strong><\/p>\n<ul>\n<li>Cadrul legal<\/li>\n<li>Elementele sistemului de salarizare<\/li>\n<li>Componentele salariului lunar (partea fix\u0103, partea variabil\u0103)<\/li>\n<li>Structura salariului<\/li>\n<li>Norme \u015fi garan\u0163ii salariale (pentru munca \u00een zilele de s\u0103rb\u0103toare, pe timp de noapte, \u00eenlocuirea personalului temporar absent, sporurile de compensare pentru munca prestat\u0103 \u00een condi\u0163ii nefavorabile, salarizarea muncii prin cumul, spor la salariu pentru activitate \u00een localit\u0103\u0163ile din st\u00eenga Nistrului)<\/li>\n<li>Exemplu de determinare a salariului de baz\u0103<\/li>\n<\/ul>\n<ol start=\"2\">\n<li><strong>Sisteme de salarizare \u00een sectorul real <\/strong><\/li>\n<\/ol>\n<ul>\n<li>Cadrul legal<\/li>\n<li>Structura salariului<\/li>\n<li>Sisteme de salarizare<\/li>\n<li>Garan\u021biile de stat \u00een domeniul salariz\u0103rii<\/li>\n<li>Exemple de calculare a salariilor (tarifare, netarifare)<\/li>\n<li>Retribuirea muncii anumitor categorii de salaria\u021bi<\/li>\n<li>Calcularea salariului mediu<\/li>\n<li>Calcularea concediului anual, indemniza\u021biei de eliberare din serviciu, indemniza\u021biei pentru incapacitate temporar\u0103 de munc\u0103, retribuirea \u00een caz de sta\u021bionare<\/li>\n<li>Exemplu de calculare \u0219i impozitare a salariului<\/li>\n<li>Re\u021bineri din salariu<\/li>\n<\/ul>\n<ol start=\"3\">\n<li><strong> Interac\u021biunea salariului cu alte pl\u0103\u021bi sociale<\/strong><\/li>\n<\/ol>\n<p><strong>Formator:<\/strong> Ana Moldovanu, Confedera\u021bia Sindicatelor RM<\/p>\n<p><strong>C\u00eend: \u00cen cur\u00eend!<\/strong><\/p>\n<p><strong>Investi\u021bia: 499 lei<\/strong><\/p>\n<p style=\"text-align: center;\"><span style=\"color: #ff6600; font-size: 18px;\"><strong>Pentru \u00eenregistrare la ambele instruiri pre\u021bul va constitui 849 lei!<\/strong><\/span><\/p>\n<p style=\"text-align: center;\"><strong>Detalii: 060840041!<\/strong><\/p>\n","protected":false},"featured_media":9732,"template":"","meta":[],"class_list":["post-10500","event_listing","type-event_listing","status-publish","has-post-thumbnail","hentry"],"yoast_head":"<!-- This site is optimized with the Yoast SEO plugin v27.5 - https:\/\/yoast.com\/product\/yoast-seo-wordpress\/ -->\n<title>Seminar practic: Perfectarea concediilor \u0219i salarizarea muncii | HRPortal<\/title>\n<meta name=\"robots\" content=\"index, follow, max-snippet:-1, max-image-preview:large, max-video-preview:-1\" \/>\n<link rel=\"canonical\" href=\"https:\/\/past.hrportal.md\/ro\/event\/seminar-practic-perfectarea-concediilor-si-salarizarea-muncii\/\" \/>\n<meta property=\"og:locale\" content=\"ro_RO\" \/>\n<meta property=\"og:type\" content=\"article\" \/>\n<meta property=\"og:title\" content=\"Seminar practic: Perfectarea concediilor \u0219i salarizarea muncii | HRPortal\" \/>\n<meta property=\"og:description\" content=\"Seminar 1: Particularit\u0103\u021bi privind perfectarea concediilor anuale \u0219i sociale. Cum se perfecteaz\u0103 corect rechemarea din...\" \/>\n<meta property=\"og:url\" content=\"https:\/\/past.hrportal.md\/ro\/event\/seminar-practic-perfectarea-concediilor-si-salarizarea-muncii\/\" \/>\n<meta property=\"og:site_name\" content=\"HRPortal\" \/>\n<meta property=\"article:modified_time\" content=\"2024-01-19T11:33:08+00:00\" \/>\n<meta property=\"og:image\" content=\"https:\/\/past.hrportal.md\/wp-content\/uploads\/2020\/04\/Managementul-resurselor-umage.png\" \/>\n\t<meta property=\"og:image:width\" content=\"1200\" \/>\n\t<meta property=\"og:image:height\" content=\"750\" \/>\n\t<meta property=\"og:image:type\" content=\"image\/png\" \/>\n<meta name=\"twitter:card\" content=\"summary_large_image\" \/>\n<meta name=\"twitter:label1\" content=\"Timp estimat pentru citire\" \/>\n\t<meta name=\"twitter:data1\" content=\"2 minute\" \/>\n<script type=\"application\/ld+json\" class=\"yoast-schema-graph\">{\"@context\":\"https:\\\/\\\/schema.org\",\"@graph\":[{\"@type\":\"WebPage\",\"@id\":\"https:\\\/\\\/past.hrportal.md\\\/ro\\\/event\\\/seminar-practic-perfectarea-concediilor-si-salarizarea-muncii\\\/\",\"url\":\"https:\\\/\\\/past.hrportal.md\\\/ro\\\/event\\\/seminar-practic-perfectarea-concediilor-si-salarizarea-muncii\\\/\",\"name\":\"Seminar practic: Perfectarea concediilor \u0219i salarizarea muncii | HRPortal\",\"isPartOf\":{\"@id\":\"http:\\\/\\\/past.hrportal.md\\\/ro\\\/#website\"},\"primaryImageOfPage\":{\"@id\":\"https:\\\/\\\/past.hrportal.md\\\/ro\\\/event\\\/seminar-practic-perfectarea-concediilor-si-salarizarea-muncii\\\/#primaryimage\"},\"image\":{\"@id\":\"https:\\\/\\\/past.hrportal.md\\\/ro\\\/event\\\/seminar-practic-perfectarea-concediilor-si-salarizarea-muncii\\\/#primaryimage\"},\"thumbnailUrl\":\"https:\\\/\\\/past.hrportal.md\\\/wp-content\\\/uploads\\\/2020\\\/04\\\/Managementul-resurselor-umage.png\",\"datePublished\":\"2021-06-08T11:31:12+00:00\",\"dateModified\":\"2024-01-19T11:33:08+00:00\",\"breadcrumb\":{\"@id\":\"https:\\\/\\\/past.hrportal.md\\\/ro\\\/event\\\/seminar-practic-perfectarea-concediilor-si-salarizarea-muncii\\\/#breadcrumb\"},\"inLanguage\":\"ro-RO\",\"potentialAction\":[{\"@type\":\"ReadAction\",\"target\":[\"https:\\\/\\\/past.hrportal.md\\\/ro\\\/event\\\/seminar-practic-perfectarea-concediilor-si-salarizarea-muncii\\\/\"]}]},{\"@type\":\"ImageObject\",\"inLanguage\":\"ro-RO\",\"@id\":\"https:\\\/\\\/past.hrportal.md\\\/ro\\\/event\\\/seminar-practic-perfectarea-concediilor-si-salarizarea-muncii\\\/#primaryimage\",\"url\":\"https:\\\/\\\/past.hrportal.md\\\/wp-content\\\/uploads\\\/2020\\\/04\\\/Managementul-resurselor-umage.png\",\"contentUrl\":\"https:\\\/\\\/past.hrportal.md\\\/wp-content\\\/uploads\\\/2020\\\/04\\\/Managementul-resurselor-umage.png\",\"width\":1200,\"height\":750,\"caption\":\"hr portal resurse umane\"},{\"@type\":\"BreadcrumbList\",\"@id\":\"https:\\\/\\\/past.hrportal.md\\\/ro\\\/event\\\/seminar-practic-perfectarea-concediilor-si-salarizarea-muncii\\\/#breadcrumb\",\"itemListElement\":[{\"@type\":\"ListItem\",\"position\":1,\"name\":\"Prima pagin\u0103\",\"item\":\"https:\\\/\\\/past.hrportal.md\\\/ro\\\/\"},{\"@type\":\"ListItem\",\"position\":2,\"name\":\"Seminar practic: Perfectarea concediilor \u0219i salarizarea muncii\"}]},{\"@type\":\"WebSite\",\"@id\":\"http:\\\/\\\/past.hrportal.md\\\/ro\\\/#website\",\"url\":\"http:\\\/\\\/past.hrportal.md\\\/ro\\\/\",\"name\":\"HRPortal\",\"description\":\"Cursuri de instruire \u0219i consultan\u021b\u0103 \u00een managementul resurselor umane\",\"potentialAction\":[{\"@type\":\"SearchAction\",\"target\":{\"@type\":\"EntryPoint\",\"urlTemplate\":\"http:\\\/\\\/past.hrportal.md\\\/ro\\\/?s={search_term_string}\"},\"query-input\":{\"@type\":\"PropertyValueSpecification\",\"valueRequired\":true,\"valueName\":\"search_term_string\"}}],\"inLanguage\":\"ro-RO\"}]}<\/script>\n<!-- \/ Yoast SEO plugin. -->","yoast_head_json":{"title":"Seminar practic: Perfectarea concediilor \u0219i salarizarea muncii | HRPortal","robots":{"index":"index","follow":"follow","max-snippet":"max-snippet:-1","max-image-preview":"max-image-preview:large","max-video-preview":"max-video-preview:-1"},"canonical":"https:\/\/past.hrportal.md\/ro\/event\/seminar-practic-perfectarea-concediilor-si-salarizarea-muncii\/","og_locale":"ro_RO","og_type":"article","og_title":"Seminar practic: Perfectarea concediilor \u0219i salarizarea muncii | HRPortal","og_description":"Seminar 1: Particularit\u0103\u021bi privind perfectarea concediilor anuale \u0219i sociale. Cum se perfecteaz\u0103 corect rechemarea din...","og_url":"https:\/\/past.hrportal.md\/ro\/event\/seminar-practic-perfectarea-concediilor-si-salarizarea-muncii\/","og_site_name":"HRPortal","article_modified_time":"2024-01-19T11:33:08+00:00","og_image":[{"width":1200,"height":750,"url":"https:\/\/past.hrportal.md\/wp-content\/uploads\/2020\/04\/Managementul-resurselor-umage.png","type":"image\/png"}],"twitter_card":"summary_large_image","twitter_misc":{"Timp estimat pentru citire":"2 minute"},"schema":{"@context":"https:\/\/schema.org","@graph":[{"@type":"WebPage","@id":"https:\/\/past.hrportal.md\/ro\/event\/seminar-practic-perfectarea-concediilor-si-salarizarea-muncii\/","url":"https:\/\/past.hrportal.md\/ro\/event\/seminar-practic-perfectarea-concediilor-si-salarizarea-muncii\/","name":"Seminar practic: Perfectarea concediilor \u0219i salarizarea muncii | HRPortal","isPartOf":{"@id":"http:\/\/past.hrportal.md\/ro\/#website"},"primaryImageOfPage":{"@id":"https:\/\/past.hrportal.md\/ro\/event\/seminar-practic-perfectarea-concediilor-si-salarizarea-muncii\/#primaryimage"},"image":{"@id":"https:\/\/past.hrportal.md\/ro\/event\/seminar-practic-perfectarea-concediilor-si-salarizarea-muncii\/#primaryimage"},"thumbnailUrl":"https:\/\/past.hrportal.md\/wp-content\/uploads\/2020\/04\/Managementul-resurselor-umage.png","datePublished":"2021-06-08T11:31:12+00:00","dateModified":"2024-01-19T11:33:08+00:00","breadcrumb":{"@id":"https:\/\/past.hrportal.md\/ro\/event\/seminar-practic-perfectarea-concediilor-si-salarizarea-muncii\/#breadcrumb"},"inLanguage":"ro-RO","potentialAction":[{"@type":"ReadAction","target":["https:\/\/past.hrportal.md\/ro\/event\/seminar-practic-perfectarea-concediilor-si-salarizarea-muncii\/"]}]},{"@type":"ImageObject","inLanguage":"ro-RO","@id":"https:\/\/past.hrportal.md\/ro\/event\/seminar-practic-perfectarea-concediilor-si-salarizarea-muncii\/#primaryimage","url":"https:\/\/past.hrportal.md\/wp-content\/uploads\/2020\/04\/Managementul-resurselor-umage.png","contentUrl":"https:\/\/past.hrportal.md\/wp-content\/uploads\/2020\/04\/Managementul-resurselor-umage.png","width":1200,"height":750,"caption":"hr portal resurse umane"},{"@type":"BreadcrumbList","@id":"https:\/\/past.hrportal.md\/ro\/event\/seminar-practic-perfectarea-concediilor-si-salarizarea-muncii\/#breadcrumb","itemListElement":[{"@type":"ListItem","position":1,"name":"Prima pagin\u0103","item":"https:\/\/past.hrportal.md\/ro\/"},{"@type":"ListItem","position":2,"name":"Seminar practic: Perfectarea concediilor \u0219i salarizarea muncii"}]},{"@type":"WebSite","@id":"http:\/\/past.hrportal.md\/ro\/#website","url":"http:\/\/past.hrportal.md\/ro\/","name":"HRPortal","description":"Cursuri de instruire \u0219i consultan\u021b\u0103 \u00een managementul resurselor umane","potentialAction":[{"@type":"SearchAction","target":{"@type":"EntryPoint","urlTemplate":"http:\/\/past.hrportal.md\/ro\/?s={search_term_string}"},"query-input":{"@type":"PropertyValueSpecification","valueRequired":true,"valueName":"search_term_string"}}],"inLanguage":"ro-RO"}]}},"_links":{"self":[{"href":"https:\/\/past.hrportal.md\/ro\/wp-json\/wp\/v2\/event_listing\/10500","targetHints":{"allow":["GET"]}}],"collection":[{"href":"https:\/\/past.hrportal.md\/ro\/wp-json\/wp\/v2\/event_listing"}],"about":[{"href":"https:\/\/past.hrportal.md\/ro\/wp-json\/wp\/v2\/types\/event_listing"}],"wp:featuredmedia":[{"embeddable":true,"href":"https:\/\/past.hrportal.md\/ro\/wp-json\/wp\/v2\/media\/9732"}],"wp:attachment":[{"href":"https:\/\/past.hrportal.md\/ro\/wp-json\/wp\/v2\/media?parent=10500"}],"curies":[{"name":"wp","href":"https:\/\/api.w.org\/{rel}","templated":true}]}}