{"id":10675,"date":"2023-03-13T14:15:42","date_gmt":"2023-03-13T11:15:42","guid":{"rendered":"https:\/\/past.hrportal.md\/?post_type=event_listing&#038;p=10675"},"modified":"2025-03-20T16:25:29","modified_gmt":"2025-03-20T13:25:29","slug":"conferinta-nationala-in-legislatia-muncii","status":"publish","type":"event_listing","link":"https:\/\/past.hrportal.md\/ro\/event\/conferinta-nationala-in-legislatia-muncii\/","title":{"rendered":"Conferin\u021ba Na\u021bional\u0103 \u00een Legisla\u021bia Muncii"},"content":{"rendered":"<div class=\"wpem-single-event-short-info\">\n<div class=\"wpem-event-details\">\n<div class=\"wpem-event-title\">\n<h3 class=\"wpem-heading-text\">Conferin\u021ba Na\u021bional\u0103 \u00een Legisla\u021bia Muncii<\/h3>\n<\/div>\n<p>LEGISLA\u021aIA MUNCII \u00ceN CONTEXTUL DIGITALIZ\u0102RII \u0218I GLOBALIZ\u0102RII<\/p>\n<\/div>\n<\/div>\n<div class=\"wpem-single-event-body-content\">\n<p>\u2705\u00a0 Singurul eveniment de talie na\u021bional\u0103 ne adun\u0103 de 10 ani pentru:<\/p>\n<p>\u2705\u00a0 A pune \u00een discu\u021bie cele mai recente \u0219i actuale modific\u0103ri din legisla\u021bia muncii;<\/p>\n<p>\u2705\u00a0 A pune \u00een dezbatere, practici \u0219i experien\u021be pozitive \u00een acest domeniu;<\/p>\n<p>\u2705\u00a0 Consolidarea comunit\u0103\u021bii profesioni\u0219tilor \u00een resurse umane care asigur\u0103 implementarea legisla\u021biei muncii;<\/p>\n<p>\u2705\u00a0 A ne dezvolta at\u00e2t profesional, c\u00e2t \u0219i personal;<\/p>\n<p>\u2705\u00a0 Sporirea nivelului de informare \u0219i profesionalism \u00een acest domeniu;<\/p>\n<p>\u2705\u00a0 Crearea unui spa\u021biu de dialog direct dintre organele de resort \u0219i cei care asigur\u0103 aplicarea normelor legale \u00een raporturile de munc\u0103;<\/p>\n<p><b>\u00cen cur\u00e2nd&#8230;<\/b><\/p>\n<p><b>FORMAT: <\/b><strong>ONLINE\/OFFLINE<br \/>\nINVESTI\u021aIA: de la 1599 lei<\/strong><\/p>\n<p>&nbsp;<\/p>\n<p><b> DE CE S\u0102 FII PREZENT LA CONFERIN\u021a\u0102?<\/b><\/p>\n<ul>\n<li>Prime\u0219ti explica\u021bii direct de la autorii actelor normative;<\/li>\n<li>Dezvol\u021bi competen\u021be mai vaste \u00een domeniul resurselor umane;<\/li>\n<li>Cuno\u0219ti abord\u0103ri noi \u0219i multilaterale;<\/li>\n<li>Cuno\u0219ti cum s\u0103 aplici cu succes modific\u0103rile ce urmeaz\u0103 a fi operate \u00een legisla\u021bia muncii;<\/li>\n<li>Te \u00eembog\u0103\u021be\u0219ti cu informa\u021bii practice la care nu ai acces zi de zi;<\/li>\n<li>C\u00e2\u0219tigi noi experien\u021be din exemple \u0219i bunele practici;<\/li>\n<li>Networking cu profesioni\u0219ti de calitate;<\/li>\n<\/ul>\n<p>&nbsp;<\/p>\n<\/div>\n<p>&nbsp;<\/p>\n","protected":false},"featured_media":15257,"template":"","meta":[],"class_list":["post-10675","event_listing","type-event_listing","status-publish","has-post-thumbnail","hentry"],"yoast_head":"<!-- This site is optimized with the Yoast SEO plugin v27.5 - https:\/\/yoast.com\/product\/yoast-seo-wordpress\/ -->\n<title>Conferin\u021ba Na\u021bional\u0103 \u00een Legisla\u021bia Muncii | HRPortal<\/title>\n<meta name=\"description\" content=\"EDI\u021aIA IX LEGISLA\u021aIA MUNCII \u00ceN CONTEXTUL DIGITALIZ\u0102RII \u0218I GLOBALIZ\u0102RIICEA MAI MARE CONFERIN\u021a\u0102 HR DIN MOLDOVA\" \/>\n<meta name=\"robots\" content=\"index, follow, max-snippet:-1, max-image-preview:large, max-video-preview:-1\" \/>\n<link rel=\"canonical\" href=\"https:\/\/past.hrportal.md\/ro\/event\/conferinta-nationala-in-legislatia-muncii\/\" \/>\n<meta property=\"og:locale\" content=\"ro_RO\" \/>\n<meta property=\"og:type\" content=\"article\" \/>\n<meta property=\"og:title\" content=\"CONFERIN\u021aA NA\u021aIONAL\u0102 \u00ceN LEGISLA\u021aIA MUNCII\" \/>\n<meta property=\"og:description\" content=\"CONFERIN\u021aA NA\u021aIONAL\u0102 \u00ceN LEGISLA\u021aIA MUNCIIEDI\u021aIA IX LEGISLA\u021aIA MUNCII \u00ceN CONTEXTUL DIGITALIZ\u0102RII \u0218I GLOBALIZ\u0102RIICEA MAI MARE CONFERIN\u021a\u0102 HR DIN MOLDOVA\" \/>\n<meta property=\"og:url\" content=\"https:\/\/past.hrportal.md\/ro\/event\/conferinta-nationala-in-legislatia-muncii\/\" \/>\n<meta property=\"og:site_name\" content=\"HRPortal\" \/>\n<meta property=\"article:modified_time\" content=\"2025-03-20T13:25:29+00:00\" \/>\n<meta property=\"og:image\" content=\"https:\/\/past.hrportal.md\/wp-content\/uploads\/2023\/03\/gismeteo2-baner-Conferinta-280-x-300px-300-\u00d7-250-px.gif\" \/>\n\t<meta property=\"og:image:width\" content=\"300\" \/>\n\t<meta property=\"og:image:height\" content=\"250\" \/>\n\t<meta property=\"og:image:type\" content=\"image\/gif\" \/>\n<meta name=\"twitter:card\" content=\"summary_large_image\" \/>\n<meta name=\"twitter:label1\" content=\"Timp estimat pentru citire\" \/>\n\t<meta name=\"twitter:data1\" content=\"2 minute\" \/>\n<script type=\"application\/ld+json\" class=\"yoast-schema-graph\">{\"@context\":\"https:\\\/\\\/schema.org\",\"@graph\":[{\"@type\":\"WebPage\",\"@id\":\"https:\\\/\\\/past.hrportal.md\\\/ro\\\/event\\\/conferinta-nationala-in-legislatia-muncii\\\/\",\"url\":\"https:\\\/\\\/past.hrportal.md\\\/ro\\\/event\\\/conferinta-nationala-in-legislatia-muncii\\\/\",\"name\":\"Conferin\u021ba Na\u021bional\u0103 \u00een Legisla\u021bia Muncii | HRPortal\",\"isPartOf\":{\"@id\":\"http:\\\/\\\/past.hrportal.md\\\/ro\\\/#website\"},\"primaryImageOfPage\":{\"@id\":\"https:\\\/\\\/past.hrportal.md\\\/ro\\\/event\\\/conferinta-nationala-in-legislatia-muncii\\\/#primaryimage\"},\"image\":{\"@id\":\"https:\\\/\\\/past.hrportal.md\\\/ro\\\/event\\\/conferinta-nationala-in-legislatia-muncii\\\/#primaryimage\"},\"thumbnailUrl\":\"https:\\\/\\\/past.hrportal.md\\\/wp-content\\\/uploads\\\/2023\\\/03\\\/HRP_KV_Conference2025vizual.jpg\",\"datePublished\":\"2023-03-13T11:15:42+00:00\",\"dateModified\":\"2025-03-20T13:25:29+00:00\",\"description\":\"EDI\u021aIA IX LEGISLA\u021aIA MUNCII \u00ceN CONTEXTUL DIGITALIZ\u0102RII \u0218I GLOBALIZ\u0102RIICEA MAI MARE CONFERIN\u021a\u0102 HR DIN MOLDOVA\",\"breadcrumb\":{\"@id\":\"https:\\\/\\\/past.hrportal.md\\\/ro\\\/event\\\/conferinta-nationala-in-legislatia-muncii\\\/#breadcrumb\"},\"inLanguage\":\"ro-RO\",\"potentialAction\":[{\"@type\":\"ReadAction\",\"target\":[\"https:\\\/\\\/past.hrportal.md\\\/ro\\\/event\\\/conferinta-nationala-in-legislatia-muncii\\\/\"]}]},{\"@type\":\"ImageObject\",\"inLanguage\":\"ro-RO\",\"@id\":\"https:\\\/\\\/past.hrportal.md\\\/ro\\\/event\\\/conferinta-nationala-in-legislatia-muncii\\\/#primaryimage\",\"url\":\"https:\\\/\\\/past.hrportal.md\\\/wp-content\\\/uploads\\\/2023\\\/03\\\/HRP_KV_Conference2025vizual.jpg\",\"contentUrl\":\"https:\\\/\\\/past.hrportal.md\\\/wp-content\\\/uploads\\\/2023\\\/03\\\/HRP_KV_Conference2025vizual.jpg\",\"width\":1920,\"height\":1080},{\"@type\":\"BreadcrumbList\",\"@id\":\"https:\\\/\\\/past.hrportal.md\\\/ro\\\/event\\\/conferinta-nationala-in-legislatia-muncii\\\/#breadcrumb\",\"itemListElement\":[{\"@type\":\"ListItem\",\"position\":1,\"name\":\"Prima pagin\u0103\",\"item\":\"https:\\\/\\\/past.hrportal.md\\\/ro\\\/\"},{\"@type\":\"ListItem\",\"position\":2,\"name\":\"Conferin\u021ba Na\u021bional\u0103 \u00een Legisla\u021bia Muncii\"}]},{\"@type\":\"WebSite\",\"@id\":\"http:\\\/\\\/past.hrportal.md\\\/ro\\\/#website\",\"url\":\"http:\\\/\\\/past.hrportal.md\\\/ro\\\/\",\"name\":\"HRPortal\",\"description\":\"Cursuri de instruire \u0219i consultan\u021b\u0103 \u00een managementul resurselor umane\",\"potentialAction\":[{\"@type\":\"SearchAction\",\"target\":{\"@type\":\"EntryPoint\",\"urlTemplate\":\"http:\\\/\\\/past.hrportal.md\\\/ro\\\/?s={search_term_string}\"},\"query-input\":{\"@type\":\"PropertyValueSpecification\",\"valueRequired\":true,\"valueName\":\"search_term_string\"}}],\"inLanguage\":\"ro-RO\"}]}<\/script>\n<!-- \/ Yoast SEO plugin. -->","yoast_head_json":{"title":"Conferin\u021ba Na\u021bional\u0103 \u00een Legisla\u021bia Muncii | HRPortal","description":"EDI\u021aIA IX LEGISLA\u021aIA MUNCII \u00ceN CONTEXTUL DIGITALIZ\u0102RII \u0218I GLOBALIZ\u0102RIICEA MAI MARE CONFERIN\u021a\u0102 HR DIN MOLDOVA","robots":{"index":"index","follow":"follow","max-snippet":"max-snippet:-1","max-image-preview":"max-image-preview:large","max-video-preview":"max-video-preview:-1"},"canonical":"https:\/\/past.hrportal.md\/ro\/event\/conferinta-nationala-in-legislatia-muncii\/","og_locale":"ro_RO","og_type":"article","og_title":"CONFERIN\u021aA NA\u021aIONAL\u0102 \u00ceN LEGISLA\u021aIA MUNCII","og_description":"CONFERIN\u021aA NA\u021aIONAL\u0102 \u00ceN LEGISLA\u021aIA MUNCIIEDI\u021aIA IX LEGISLA\u021aIA MUNCII \u00ceN CONTEXTUL DIGITALIZ\u0102RII \u0218I GLOBALIZ\u0102RIICEA MAI MARE CONFERIN\u021a\u0102 HR DIN MOLDOVA","og_url":"https:\/\/past.hrportal.md\/ro\/event\/conferinta-nationala-in-legislatia-muncii\/","og_site_name":"HRPortal","article_modified_time":"2025-03-20T13:25:29+00:00","og_image":[{"width":300,"height":250,"url":"https:\/\/past.hrportal.md\/wp-content\/uploads\/2023\/03\/gismeteo2-baner-Conferinta-280-x-300px-300-\u00d7-250-px.gif","type":"image\/gif"}],"twitter_card":"summary_large_image","twitter_misc":{"Timp estimat pentru citire":"2 minute"},"schema":{"@context":"https:\/\/schema.org","@graph":[{"@type":"WebPage","@id":"https:\/\/past.hrportal.md\/ro\/event\/conferinta-nationala-in-legislatia-muncii\/","url":"https:\/\/past.hrportal.md\/ro\/event\/conferinta-nationala-in-legislatia-muncii\/","name":"Conferin\u021ba Na\u021bional\u0103 \u00een Legisla\u021bia Muncii | HRPortal","isPartOf":{"@id":"http:\/\/past.hrportal.md\/ro\/#website"},"primaryImageOfPage":{"@id":"https:\/\/past.hrportal.md\/ro\/event\/conferinta-nationala-in-legislatia-muncii\/#primaryimage"},"image":{"@id":"https:\/\/past.hrportal.md\/ro\/event\/conferinta-nationala-in-legislatia-muncii\/#primaryimage"},"thumbnailUrl":"https:\/\/past.hrportal.md\/wp-content\/uploads\/2023\/03\/HRP_KV_Conference2025vizual.jpg","datePublished":"2023-03-13T11:15:42+00:00","dateModified":"2025-03-20T13:25:29+00:00","description":"EDI\u021aIA IX LEGISLA\u021aIA MUNCII \u00ceN CONTEXTUL DIGITALIZ\u0102RII \u0218I GLOBALIZ\u0102RIICEA MAI MARE CONFERIN\u021a\u0102 HR DIN MOLDOVA","breadcrumb":{"@id":"https:\/\/past.hrportal.md\/ro\/event\/conferinta-nationala-in-legislatia-muncii\/#breadcrumb"},"inLanguage":"ro-RO","potentialAction":[{"@type":"ReadAction","target":["https:\/\/past.hrportal.md\/ro\/event\/conferinta-nationala-in-legislatia-muncii\/"]}]},{"@type":"ImageObject","inLanguage":"ro-RO","@id":"https:\/\/past.hrportal.md\/ro\/event\/conferinta-nationala-in-legislatia-muncii\/#primaryimage","url":"https:\/\/past.hrportal.md\/wp-content\/uploads\/2023\/03\/HRP_KV_Conference2025vizual.jpg","contentUrl":"https:\/\/past.hrportal.md\/wp-content\/uploads\/2023\/03\/HRP_KV_Conference2025vizual.jpg","width":1920,"height":1080},{"@type":"BreadcrumbList","@id":"https:\/\/past.hrportal.md\/ro\/event\/conferinta-nationala-in-legislatia-muncii\/#breadcrumb","itemListElement":[{"@type":"ListItem","position":1,"name":"Prima pagin\u0103","item":"https:\/\/past.hrportal.md\/ro\/"},{"@type":"ListItem","position":2,"name":"Conferin\u021ba Na\u021bional\u0103 \u00een Legisla\u021bia Muncii"}]},{"@type":"WebSite","@id":"http:\/\/past.hrportal.md\/ro\/#website","url":"http:\/\/past.hrportal.md\/ro\/","name":"HRPortal","description":"Cursuri de instruire \u0219i consultan\u021b\u0103 \u00een managementul resurselor umane","potentialAction":[{"@type":"SearchAction","target":{"@type":"EntryPoint","urlTemplate":"http:\/\/past.hrportal.md\/ro\/?s={search_term_string}"},"query-input":{"@type":"PropertyValueSpecification","valueRequired":true,"valueName":"search_term_string"}}],"inLanguage":"ro-RO"}]}},"_links":{"self":[{"href":"https:\/\/past.hrportal.md\/ro\/wp-json\/wp\/v2\/event_listing\/10675","targetHints":{"allow":["GET"]}}],"collection":[{"href":"https:\/\/past.hrportal.md\/ro\/wp-json\/wp\/v2\/event_listing"}],"about":[{"href":"https:\/\/past.hrportal.md\/ro\/wp-json\/wp\/v2\/types\/event_listing"}],"wp:featuredmedia":[{"embeddable":true,"href":"https:\/\/past.hrportal.md\/ro\/wp-json\/wp\/v2\/media\/15257"}],"wp:attachment":[{"href":"https:\/\/past.hrportal.md\/ro\/wp-json\/wp\/v2\/media?parent=10675"}],"curies":[{"name":"wp","href":"https:\/\/api.w.org\/{rel}","templated":true}]}}