{"id":7333,"date":"2019-08-08T13:29:46","date_gmt":"2019-08-08T10:29:46","guid":{"rendered":"https:\/\/past.hrportal.md\/?post_type=event_listing&#038;p=7333"},"modified":"2020-01-14T12:02:03","modified_gmt":"2020-01-14T09:02:03","slug":"seminar-practic-salarizarea-muncii-modificari-in-legislatie-si-aplicatii-practice","status":"expired","type":"event_listing","link":"https:\/\/past.hrportal.md\/ro\/?post_type=event_listing&p=7333","title":{"rendered":"Seminar practic: Contractul Individual de Munc\u0103- de la prevederi legislative la aplica\u021bii practice!"},"content":{"rendered":"<p>Cum se \u00eentocme\u0219te corect contractul individual de munc\u0103 (CIM), care sunt elementele \u0219i tr\u0103s\u0103turile specifice, care sunt tipurile de CIM, cum se perfecteaz\u0103 modificarea CIM, care este procedura de suspendare \u0219i\u00a0 de desfacere a CIM,\u00a0 Contractul individual de munca \u00een cadrul controlului de stat al ISM. Acestea \u0219i multe alte aspecte teoretice \u0219i practice le vom aborda \u00een cadrul seminarului practic.<\/p>\n<h3>Agenda:<\/h3>\n<p><strong>Aspecte teoretice:<\/strong><\/p>\n<ol>\n<li>Elementele \u0219i tr\u0103s\u0103turile specifice ale contractului individual de munca. Clauze\u00a0<strong>obligatorii<\/strong>\u00a0din CIM prev\u0103zute de Codul Muncii. Prevederi \u0219i condi\u021bii\u00a0<strong>suplimentare<\/strong>.<\/li>\n<li><strong>CIM<\/strong>\u00a0pe durat\u0103 determinat\u0103 \u0219i nedeterminat\u0103: particularit\u0103\u021bi, cadrul legal de \u00eencheiere.<\/li>\n<li>Proiectul contractului individual de munca: ce trebuie s\u0103 prevad\u0103 \u0219i cum \u00eel punem \u00een aplicare.<\/li>\n<li>Cum perfect\u0103m modific\u0103ri la\u00a0<strong>CIM<\/strong>. Ce alte acte \u0219i proceduri de resurse umane afecteaz\u0103.<\/li>\n<li>Suspendarea\u00a0<strong>CIM<\/strong>: circumstan\u021bele prev\u0103zute de legisla\u021bia \u0219i modul de perfectare.<\/li>\n<li>Desfacerea\u00a0<strong>CIM<\/strong>: detalii privind perfectarea \u00een toate situa\u021biile prev\u0103zute de legisla\u021bie. Studii de caz.<\/li>\n<li>Verificarea Contractul individual de munca \u00een cadrul controlului de stat al ISM.<\/li>\n<\/ol>\n<p><strong>Formator: Dumitru St\u0103vil\u0103<\/strong>\u00a0\u2013 Director Inspectoratul de Stat al Muncii<\/p>\n<p><strong>Aspecte practice:<\/strong><\/p>\n<ol>\n<li>clauza de confiden\u021balitate;<\/li>\n<li>alte clauze specifice prev\u0103zute de legisla\u021bie;<\/li>\n<li>studii de caz;<\/li>\n<li>situa\u021bii neordinare din activitatea practic\u0103.<\/li>\n<\/ol>\n<p><strong>Formator: Dl Dorin Josanu<\/strong>\u00a0\u2013\u00a0master \u00een dreptul muncii,\u00a0 co-autor al\u00a0 noului Cod al Muncii. Specialist cu vast\u0103 experien\u021b\u0103 profesional\u0103.<\/p>\n<p>&nbsp;<\/p>\n<p><strong>Detalii: 060840041<\/strong><\/p>\n","protected":false},"featured_media":4278,"template":"","meta":[],"class_list":["post-7333","event_listing","type-event_listing","status-expired","has-post-thumbnail","hentry"],"yoast_head":"<!-- This site is optimized with the Yoast SEO plugin v27.5 - https:\/\/yoast.com\/product\/yoast-seo-wordpress\/ -->\n<title>Seminar practic: Contractul Individual de Munc\u0103- de la prevederi legislative la aplica\u021bii practice! | HRPortal<\/title>\n<meta name=\"robots\" content=\"index, follow, max-snippet:-1, max-image-preview:large, max-video-preview:-1\" \/>\n<link rel=\"canonical\" href=\"https:\/\/past.hrportal.md\/ro\/?post_type=event_listing&p=7333\" \/>\n<meta property=\"og:locale\" content=\"ro_RO\" \/>\n<meta property=\"og:type\" content=\"article\" \/>\n<meta property=\"og:title\" content=\"Seminar practic: Contractul Individual de Munc\u0103- de la prevederi legislative la aplica\u021bii practice! | HRPortal\" \/>\n<meta property=\"og:description\" content=\"Cum se \u00eentocme\u0219te corect contractul individual de munc\u0103 (CIM), care sunt elementele \u0219i tr\u0103s\u0103turile specifice,...\" \/>\n<meta property=\"og:url\" content=\"https:\/\/past.hrportal.md\/ro\/?post_type=event_listing&amp;p=7333\" \/>\n<meta property=\"og:site_name\" content=\"HRPortal\" \/>\n<meta property=\"article:modified_time\" content=\"2020-01-14T09:02:03+00:00\" \/>\n<meta property=\"og:image\" content=\"https:\/\/past.hrportal.md\/wp-content\/uploads\/2019\/08\/logo-hr.png\" \/>\n\t<meta property=\"og:image:width\" content=\"110\" \/>\n\t<meta property=\"og:image:height\" content=\"60\" \/>\n\t<meta property=\"og:image:type\" content=\"image\/png\" \/>\n<meta name=\"twitter:card\" content=\"summary_large_image\" \/>\n<meta name=\"twitter:label1\" content=\"Timp estimat pentru citire\" \/>\n\t<meta name=\"twitter:data1\" content=\"1 minut\" \/>\n<script type=\"application\/ld+json\" class=\"yoast-schema-graph\">{\"@context\":\"https:\\\/\\\/schema.org\",\"@graph\":[{\"@type\":\"WebPage\",\"@id\":\"https:\\\/\\\/past.hrportal.md\\\/ro\\\/?post_type=event_listing&p=7333\",\"url\":\"https:\\\/\\\/past.hrportal.md\\\/ro\\\/?post_type=event_listing&p=7333\",\"name\":\"Seminar practic: Contractul Individual de Munc\u0103- de la prevederi legislative la aplica\u021bii practice! | HRPortal\",\"isPartOf\":{\"@id\":\"http:\\\/\\\/past.hrportal.md\\\/ro\\\/#website\"},\"primaryImageOfPage\":{\"@id\":\"https:\\\/\\\/past.hrportal.md\\\/ro\\\/?post_type=event_listing&p=7333#primaryimage\"},\"image\":{\"@id\":\"https:\\\/\\\/past.hrportal.md\\\/ro\\\/?post_type=event_listing&p=7333#primaryimage\"},\"thumbnailUrl\":\"https:\\\/\\\/past.hrportal.md\\\/wp-content\\\/uploads\\\/2019\\\/08\\\/logo-hr.png\",\"datePublished\":\"2019-08-08T10:29:46+00:00\",\"dateModified\":\"2020-01-14T09:02:03+00:00\",\"breadcrumb\":{\"@id\":\"https:\\\/\\\/past.hrportal.md\\\/ro\\\/?post_type=event_listing&p=7333#breadcrumb\"},\"inLanguage\":\"ro-RO\",\"potentialAction\":[{\"@type\":\"ReadAction\",\"target\":[\"https:\\\/\\\/past.hrportal.md\\\/ro\\\/?post_type=event_listing&p=7333\"]}]},{\"@type\":\"ImageObject\",\"inLanguage\":\"ro-RO\",\"@id\":\"https:\\\/\\\/past.hrportal.md\\\/ro\\\/?post_type=event_listing&p=7333#primaryimage\",\"url\":\"https:\\\/\\\/past.hrportal.md\\\/wp-content\\\/uploads\\\/2019\\\/08\\\/logo-hr.png\",\"contentUrl\":\"https:\\\/\\\/past.hrportal.md\\\/wp-content\\\/uploads\\\/2019\\\/08\\\/logo-hr.png\",\"width\":110,\"height\":60,\"caption\":\"\u0410\u0443\u0442\u0441\u043e\u0440\u0442\u0438\u043d\u0433 \u0438 \u0443\u043f\u0440\u0430\u0432\u043b\u0435\u043d\u0438\u0435 \u043f\u0435\u0440\u0441\u043e\u043d\u0430\u043b\u043e\u043c \u0432 \u041c\u043e\u043b\u0434\u043e\u0432\u0435\"},{\"@type\":\"BreadcrumbList\",\"@id\":\"https:\\\/\\\/past.hrportal.md\\\/ro\\\/?post_type=event_listing&p=7333#breadcrumb\",\"itemListElement\":[{\"@type\":\"ListItem\",\"position\":1,\"name\":\"Prima pagin\u0103\",\"item\":\"https:\\\/\\\/past.hrportal.md\\\/ro\\\/\"},{\"@type\":\"ListItem\",\"position\":2,\"name\":\"Seminar practic: Contractul Individual de Munc\u0103- de la prevederi legislative la aplica\u021bii practice!\"}]},{\"@type\":\"WebSite\",\"@id\":\"http:\\\/\\\/past.hrportal.md\\\/ro\\\/#website\",\"url\":\"http:\\\/\\\/past.hrportal.md\\\/ro\\\/\",\"name\":\"HRPortal\",\"description\":\"Cursuri de instruire \u0219i consultan\u021b\u0103 \u00een managementul resurselor umane\",\"potentialAction\":[{\"@type\":\"SearchAction\",\"target\":{\"@type\":\"EntryPoint\",\"urlTemplate\":\"http:\\\/\\\/past.hrportal.md\\\/ro\\\/?s={search_term_string}\"},\"query-input\":{\"@type\":\"PropertyValueSpecification\",\"valueRequired\":true,\"valueName\":\"search_term_string\"}}],\"inLanguage\":\"ro-RO\"}]}<\/script>\n<!-- \/ Yoast SEO plugin. -->","yoast_head_json":{"title":"Seminar practic: Contractul Individual de Munc\u0103- de la prevederi legislative la aplica\u021bii practice! | HRPortal","robots":{"index":"index","follow":"follow","max-snippet":"max-snippet:-1","max-image-preview":"max-image-preview:large","max-video-preview":"max-video-preview:-1"},"canonical":"https:\/\/past.hrportal.md\/ro\/?post_type=event_listing&p=7333","og_locale":"ro_RO","og_type":"article","og_title":"Seminar practic: Contractul Individual de Munc\u0103- de la prevederi legislative la aplica\u021bii practice! | HRPortal","og_description":"Cum se \u00eentocme\u0219te corect contractul individual de munc\u0103 (CIM), care sunt elementele \u0219i tr\u0103s\u0103turile specifice,...","og_url":"https:\/\/past.hrportal.md\/ro\/?post_type=event_listing&p=7333","og_site_name":"HRPortal","article_modified_time":"2020-01-14T09:02:03+00:00","og_image":[{"width":110,"height":60,"url":"https:\/\/past.hrportal.md\/wp-content\/uploads\/2019\/08\/logo-hr.png","type":"image\/png"}],"twitter_card":"summary_large_image","twitter_misc":{"Timp estimat pentru citire":"1 minut"},"schema":{"@context":"https:\/\/schema.org","@graph":[{"@type":"WebPage","@id":"https:\/\/past.hrportal.md\/ro\/?post_type=event_listing&p=7333","url":"https:\/\/past.hrportal.md\/ro\/?post_type=event_listing&p=7333","name":"Seminar practic: Contractul Individual de Munc\u0103- de la prevederi legislative la aplica\u021bii practice! | HRPortal","isPartOf":{"@id":"http:\/\/past.hrportal.md\/ro\/#website"},"primaryImageOfPage":{"@id":"https:\/\/past.hrportal.md\/ro\/?post_type=event_listing&p=7333#primaryimage"},"image":{"@id":"https:\/\/past.hrportal.md\/ro\/?post_type=event_listing&p=7333#primaryimage"},"thumbnailUrl":"https:\/\/past.hrportal.md\/wp-content\/uploads\/2019\/08\/logo-hr.png","datePublished":"2019-08-08T10:29:46+00:00","dateModified":"2020-01-14T09:02:03+00:00","breadcrumb":{"@id":"https:\/\/past.hrportal.md\/ro\/?post_type=event_listing&p=7333#breadcrumb"},"inLanguage":"ro-RO","potentialAction":[{"@type":"ReadAction","target":["https:\/\/past.hrportal.md\/ro\/?post_type=event_listing&p=7333"]}]},{"@type":"ImageObject","inLanguage":"ro-RO","@id":"https:\/\/past.hrportal.md\/ro\/?post_type=event_listing&p=7333#primaryimage","url":"https:\/\/past.hrportal.md\/wp-content\/uploads\/2019\/08\/logo-hr.png","contentUrl":"https:\/\/past.hrportal.md\/wp-content\/uploads\/2019\/08\/logo-hr.png","width":110,"height":60,"caption":"\u0410\u0443\u0442\u0441\u043e\u0440\u0442\u0438\u043d\u0433 \u0438 \u0443\u043f\u0440\u0430\u0432\u043b\u0435\u043d\u0438\u0435 \u043f\u0435\u0440\u0441\u043e\u043d\u0430\u043b\u043e\u043c \u0432 \u041c\u043e\u043b\u0434\u043e\u0432\u0435"},{"@type":"BreadcrumbList","@id":"https:\/\/past.hrportal.md\/ro\/?post_type=event_listing&p=7333#breadcrumb","itemListElement":[{"@type":"ListItem","position":1,"name":"Prima pagin\u0103","item":"https:\/\/past.hrportal.md\/ro\/"},{"@type":"ListItem","position":2,"name":"Seminar practic: Contractul Individual de Munc\u0103- de la prevederi legislative la aplica\u021bii practice!"}]},{"@type":"WebSite","@id":"http:\/\/past.hrportal.md\/ro\/#website","url":"http:\/\/past.hrportal.md\/ro\/","name":"HRPortal","description":"Cursuri de instruire \u0219i consultan\u021b\u0103 \u00een managementul resurselor umane","potentialAction":[{"@type":"SearchAction","target":{"@type":"EntryPoint","urlTemplate":"http:\/\/past.hrportal.md\/ro\/?s={search_term_string}"},"query-input":{"@type":"PropertyValueSpecification","valueRequired":true,"valueName":"search_term_string"}}],"inLanguage":"ro-RO"}]}},"_links":{"self":[{"href":"https:\/\/past.hrportal.md\/ro\/wp-json\/wp\/v2\/event_listing\/7333","targetHints":{"allow":["GET"]}}],"collection":[{"href":"https:\/\/past.hrportal.md\/ro\/wp-json\/wp\/v2\/event_listing"}],"about":[{"href":"https:\/\/past.hrportal.md\/ro\/wp-json\/wp\/v2\/types\/event_listing"}],"wp:featuredmedia":[{"embeddable":true,"href":"https:\/\/past.hrportal.md\/ro\/wp-json\/wp\/v2\/media\/4278"}],"wp:attachment":[{"href":"https:\/\/past.hrportal.md\/ro\/wp-json\/wp\/v2\/media?parent=7333"}],"curies":[{"name":"wp","href":"https:\/\/api.w.org\/{rel}","templated":true}]}}