{"id":9740,"date":"2020-04-22T13:57:48","date_gmt":"2020-04-22T10:57:48","guid":{"rendered":"https:\/\/past.hrportal.md\/?post_type=event_listing&#038;p=9740"},"modified":"2020-06-27T00:25:59","modified_gmt":"2020-06-26T21:25:59","slug":"seminar-practic-particularitati-privind-acordarea-concediilor","status":"expired","type":"event_listing","link":"https:\/\/past.hrportal.md\/ro\/?post_type=event_listing&p=9740","title":{"rendered":"Seminar practic ONLINE. Particularit\u0103\u021bi privind acordarea concediilor. Salarizarea muncii- actualit\u0103\u021bi \u00een legisla\u021bie."},"content":{"rendered":"<p style=\"text-align: center\"><span style=\"color: #008000;font-size: 18px\"><strong>Particularit\u0103\u021bi privind acordarea concediilor.<\/strong><\/span><\/p>\n<p><span style=\"color: #ff6600\"><strong>\u00cen program:<\/strong><\/span><\/p>\n<p><img loading=\"lazy\" decoding=\"async\" class=\"alignnone wp-image-9517\" src=\"http:\/\/past.hrportal.md\/wp-content\/uploads\/2020\/02\/download-1-e1582538806936.jpg\" alt=\"\u0410\u0443\u0442\u0441\u043e\u0440\u0442\u0438\u043d\u0433 \u0438 \u0443\u043f\u0440\u0430\u0432\u043b\u0435\u043d\u0438\u0435 \u043f\u0435\u0440\u0441\u043e\u043d\u0430\u043b\u043e\u043c \u0432 \u041c\u043e\u043b\u0434\u043e\u0432\u0435\" width=\"20\" height=\"20\" \/>\u00a0 Acte normative ce reglementeaz\u0103 acordarea concediilor;<\/p>\n<p><img loading=\"lazy\" decoding=\"async\" class=\"alignnone wp-image-9517\" src=\"http:\/\/past.hrportal.md\/wp-content\/uploads\/2020\/02\/download-1-e1582538806936.jpg\" alt=\"\u0410\u0443\u0442\u0441\u043e\u0440\u0442\u0438\u043d\u0433 \u0438 \u0443\u043f\u0440\u0430\u0432\u043b\u0435\u043d\u0438\u0435 \u043f\u0435\u0440\u0441\u043e\u043d\u0430\u043b\u043e\u043c \u0432 \u041c\u043e\u043b\u0434\u043e\u0432\u0435\" width=\"20\" height=\"20\" \/> Formele principale a timpului de odihn\u0103;<\/p>\n<p><img loading=\"lazy\" decoding=\"async\" class=\"alignnone wp-image-9517\" src=\"http:\/\/past.hrportal.md\/wp-content\/uploads\/2020\/02\/download-1-e1582538806936.jpg\" alt=\"\u0410\u0443\u0442\u0441\u043e\u0440\u0442\u0438\u043d\u0433 \u0438 \u0443\u043f\u0440\u0430\u0432\u043b\u0435\u043d\u0438\u0435 \u043f\u0435\u0440\u0441\u043e\u043d\u0430\u043b\u043e\u043c \u0432 \u041c\u043e\u043b\u0434\u043e\u0432\u0435\" width=\"20\" height=\"20\" \/> Concediile anuale. Tipurile de concedii anuale:<\/p>\n<ul>\n<li>de odihn\u0103 anuale pl\u0103tite(garan\u021bii, durat\u0103 \u0219i mod de acordare, calcularea vechimii \u00een munc\u0103, programare,rechemare,compensare);<\/li>\n<li>de odihn\u0103 anuale suplimentare;<\/li>\n<\/ul>\n<p><img loading=\"lazy\" decoding=\"async\" class=\"alignnone wp-image-9517\" src=\"http:\/\/past.hrportal.md\/wp-content\/uploads\/2020\/02\/download-1-e1582538806936.jpg\" alt=\"\u0410\u0443\u0442\u0441\u043e\u0440\u0442\u0438\u043d\u0433 \u0438 \u0443\u043f\u0440\u0430\u0432\u043b\u0435\u043d\u0438\u0435 \u043f\u0435\u0440\u0441\u043e\u043d\u0430\u043b\u043e\u043c \u0432 \u041c\u043e\u043b\u0434\u043e\u0432\u0435\" width=\"20\" height=\"20\" \/> Modele de \u00eentocmire a cererilor, ordinelor si completare a registrelor.<\/p>\n<p><img loading=\"lazy\" decoding=\"async\" class=\"alignnone wp-image-9517\" src=\"http:\/\/past.hrportal.md\/wp-content\/uploads\/2020\/02\/download-1-e1582538806936.jpg\" alt=\"\u0410\u0443\u0442\u0441\u043e\u0440\u0442\u0438\u043d\u0433 \u0438 \u0443\u043f\u0440\u0430\u0432\u043b\u0435\u043d\u0438\u0435 \u043f\u0435\u0440\u0441\u043e\u043d\u0430\u043b\u043e\u043c \u0432 \u041c\u043e\u043b\u0434\u043e\u0432\u0435\" width=\"20\" height=\"20\" \/> Concediile sociale.Tipuri de concedii sociale:<\/p>\n<ul>\n<li>medicale;<\/li>\n<li>de maternitate;<\/li>\n<li>par\u021bial pl\u0103tite de \u00eengrijire a copilului p\u00een\u0103 la v\u00eersta de 3 ani;<\/li>\n<li>paternale;<\/li>\n<li>suplimentar nepl\u0103tite de \u00eengrijire a copilului \u00een v\u00eersta de la 3 la 4 ani.<\/li>\n<\/ul>\n<p><strong><span style=\"color: #ff6600\">Formator:<\/span><\/strong> Dna Olga Catan- \u0218ef departament resurse umane &#8222;HR Portal&#8221; SRL.<\/p>\n<p><span style=\"color: #ff6600\"><strong>C\u00eend:<\/strong><\/span> 25 Iunie, orele 10.00-13.00.<\/p>\n<p><span style=\"color: #ff6600\"><strong>Unde:<\/strong><\/span> format ONLINE, platforma ZOOM.<\/p>\n<p style=\"text-align: center\"><span style=\"font-size: 18px\"><strong><span style=\"color: #008000\">&#8222;Salarizarea muncii- actualit\u0103\u021bi \u00een legisla\u021bie&#8221;<\/span><\/strong><\/span><\/p>\n<p><strong><span style=\"color: #ff6600\">Vom aborda:<\/span><\/strong><\/p>\n<p><img loading=\"lazy\" decoding=\"async\" class=\"alignnone wp-image-9517\" src=\"http:\/\/past.hrportal.md\/wp-content\/uploads\/2020\/02\/download-1-e1582538806936.jpg\" alt=\"\u0410\u0443\u0442\u0441\u043e\u0440\u0442\u0438\u043d\u0433 \u0438 \u0443\u043f\u0440\u0430\u0432\u043b\u0435\u043d\u0438\u0435 \u043f\u0435\u0440\u0441\u043e\u043d\u0430\u043b\u043e\u043c \u0432 \u041c\u043e\u043b\u0434\u043e\u0432\u0435\" width=\"20\" height=\"20\" \/>Sistemul unitar de salarizare \u00een sectorul bugetar \u0219i sectorul real<\/p>\n<p><img loading=\"lazy\" decoding=\"async\" class=\"alignnone wp-image-9517\" src=\"http:\/\/past.hrportal.md\/wp-content\/uploads\/2020\/02\/download-1-e1582538806936.jpg\" alt=\"\u0410\u0443\u0442\u0441\u043e\u0440\u0442\u0438\u043d\u0433 \u0438 \u0443\u043f\u0440\u0430\u0432\u043b\u0435\u043d\u0438\u0435 \u043f\u0435\u0440\u0441\u043e\u043d\u0430\u043b\u043e\u043c \u0432 \u041c\u043e\u043b\u0434\u043e\u0432\u0435\" width=\"20\" height=\"20\" \/>Acte normative.<\/p>\n<p><img loading=\"lazy\" decoding=\"async\" class=\"alignnone wp-image-9517\" src=\"http:\/\/past.hrportal.md\/wp-content\/uploads\/2020\/02\/download-1-e1582538806936.jpg\" alt=\"\u0410\u0443\u0442\u0441\u043e\u0440\u0442\u0438\u043d\u0433 \u0438 \u0443\u043f\u0440\u0430\u0432\u043b\u0435\u043d\u0438\u0435 \u043f\u0435\u0440\u0441\u043e\u043d\u0430\u043b\u043e\u043c \u0432 \u041c\u043e\u043b\u0434\u043e\u0432\u0435\" width=\"20\" height=\"20\" \/>Condi\u021bii, forme \u0219i sisteme de salarizare.<\/p>\n<p><img loading=\"lazy\" decoding=\"async\" class=\"alignnone wp-image-9517\" src=\"http:\/\/past.hrportal.md\/wp-content\/uploads\/2020\/02\/download-1-e1582538806936.jpg\" alt=\"\u0410\u0443\u0442\u0441\u043e\u0440\u0442\u0438\u043d\u0433 \u0438 \u0443\u043f\u0440\u0430\u0432\u043b\u0435\u043d\u0438\u0435 \u043f\u0435\u0440\u0441\u043e\u043d\u0430\u043b\u043e\u043c \u0432 \u041c\u043e\u043b\u0434\u043e\u0432\u0435\" width=\"20\" height=\"20\" \/>Model de calcul a salariului mediu \u0219i modific\u0103rile operate.<\/p>\n<p><img loading=\"lazy\" decoding=\"async\" class=\"alignnone wp-image-9517\" src=\"http:\/\/past.hrportal.md\/wp-content\/uploads\/2020\/02\/download-1-e1582538806936.jpg\" alt=\"\u0410\u0443\u0442\u0441\u043e\u0440\u0442\u0438\u043d\u0433 \u0438 \u0443\u043f\u0440\u0430\u0432\u043b\u0435\u043d\u0438\u0435 \u043f\u0435\u0440\u0441\u043e\u043d\u0430\u043b\u043e\u043c \u0432 \u041c\u043e\u043b\u0434\u043e\u0432\u0435\" width=\"20\" height=\"20\" \/>Specificul retribuirii muncii: spor la salariu pentru activitate:<\/p>\n<ul>\n<li>pentru munca \u00een zilele de s\u0103rb\u0103toare;<\/li>\n<li>pe timp de noapte;<\/li>\n<li>\u00eenlocuirea personalului temporar absent;<\/li>\n<li>pentru munca prestat\u0103 \u00een condi\u0163ii nefavorabile;<\/li>\n<li>sporurile de compensare<\/li>\n<li>angaja\u021bilor sub 18 ani, invalizilor<\/li>\n<\/ul>\n<p><img loading=\"lazy\" decoding=\"async\" class=\"alignnone wp-image-9517\" src=\"http:\/\/past.hrportal.md\/wp-content\/uploads\/2020\/02\/download-1-e1582538806936.jpg\" alt=\"\u0410\u0443\u0442\u0441\u043e\u0440\u0442\u0438\u043d\u0433 \u0438 \u0443\u043f\u0440\u0430\u0432\u043b\u0435\u043d\u0438\u0435 \u043f\u0435\u0440\u0441\u043e\u043d\u0430\u043b\u043e\u043c \u0432 \u041c\u043e\u043b\u0434\u043e\u0432\u0435\" width=\"20\" height=\"20\" \/>Re\u021bineri din salariu.<\/p>\n<p><img loading=\"lazy\" decoding=\"async\" class=\"alignnone wp-image-9517\" src=\"http:\/\/past.hrportal.md\/wp-content\/uploads\/2020\/02\/download-1-e1582538806936.jpg\" alt=\"\u0410\u0443\u0442\u0441\u043e\u0440\u0442\u0438\u043d\u0433 \u0438 \u0443\u043f\u0440\u0430\u0432\u043b\u0435\u043d\u0438\u0435 \u043f\u0435\u0440\u0441\u043e\u043d\u0430\u043b\u043e\u043c \u0432 \u041c\u043e\u043b\u0434\u043e\u0432\u0435\" width=\"20\" height=\"20\" \/>Acordarea garan\u021biilor \u0219i compensa\u021biilor.<\/p>\n<p><img loading=\"lazy\" decoding=\"async\" class=\"alignnone wp-image-9517\" src=\"http:\/\/past.hrportal.md\/wp-content\/uploads\/2020\/02\/download-1-e1582538806936.jpg\" alt=\"\u0410\u0443\u0442\u0441\u043e\u0440\u0442\u0438\u043d\u0433 \u0438 \u0443\u043f\u0440\u0430\u0432\u043b\u0435\u043d\u0438\u0435 \u043f\u0435\u0440\u0441\u043e\u043d\u0430\u043b\u043e\u043c \u0432 \u041c\u043e\u043b\u0434\u043e\u0432\u0435\" width=\"20\" height=\"20\" \/>Exemple practice de determinare a salariului de baz\u0103, calculare a salariilor (tarifare, netarifare) \u0219i calculare a diferitor tipuri de \u00eendemniza\u021bii.<\/p>\n<p>&nbsp;<\/p>\n<p><strong><span style=\"color: #ff6600\">Formator:<\/span><\/strong> Dna Ana Moldovanu- Consultant Superior Confederatia National\u0103 a Sindicatelor RM.<\/p>\n<p><span style=\"color: #ff6600\"><strong>C\u00eend:<\/strong><\/span> 26 Iunie, orele 10.00-13.00.<\/p>\n<p><span style=\"color: #ff6600\"><strong>Unde:<\/strong><\/span> format ONLINE, platforma ZOOM.<\/p>\n<p><span style=\"color: #ff6600\"><strong>Investi\u021bia: <\/strong><\/span>999 lei.<\/p>\n<p style=\"text-align: center\"><strong><span style=\"color: #ff6600\">\u00ceNREGISTRARE:<\/span> <a href=\"https:\/\/bit.ly\/2S1naIi\">https:\/\/bit.ly\/2S1naIi<\/a><\/strong><\/p>\n<p style=\"text-align: center\"><strong><span style=\"color: #ff6600\">INFOLINE:<\/span> 060840041!<\/strong><\/p>\n","protected":false},"featured_media":4278,"template":"","meta":[],"class_list":["post-9740","event_listing","type-event_listing","status-expired","has-post-thumbnail","hentry"],"yoast_head":"<!-- This site is optimized with the Yoast SEO plugin v27.5 - https:\/\/yoast.com\/product\/yoast-seo-wordpress\/ -->\n<title>Seminar practic ONLINE. Particularit\u0103\u021bi privind acordarea concediilor. Salarizarea muncii- actualit\u0103\u021bi \u00een legisla\u021bie. | HRPortal<\/title>\n<meta name=\"robots\" content=\"index, follow, max-snippet:-1, max-image-preview:large, max-video-preview:-1\" \/>\n<link rel=\"canonical\" href=\"https:\/\/past.hrportal.md\/ro\/?post_type=event_listing&p=9740\" \/>\n<meta property=\"og:locale\" content=\"ro_RO\" \/>\n<meta property=\"og:type\" content=\"article\" \/>\n<meta property=\"og:title\" content=\"Seminar practic ONLINE. Particularit\u0103\u021bi privind acordarea concediilor. Salarizarea muncii- actualit\u0103\u021bi \u00een legisla\u021bie. | HRPortal\" \/>\n<meta property=\"og:description\" content=\"Particularit\u0103\u021bi privind acordarea concediilor. \u00cen program: \u00a0 Acte normative ce reglementeaz\u0103 acordarea concediilor; Formele principale...\" \/>\n<meta property=\"og:url\" content=\"https:\/\/past.hrportal.md\/ro\/?post_type=event_listing&amp;p=9740\" \/>\n<meta property=\"og:site_name\" content=\"HRPortal\" \/>\n<meta property=\"article:modified_time\" content=\"2020-06-26T21:25:59+00:00\" \/>\n<meta property=\"og:image\" content=\"https:\/\/past.hrportal.md\/wp-content\/uploads\/2019\/08\/logo-hr.png\" \/>\n\t<meta property=\"og:image:width\" content=\"110\" \/>\n\t<meta property=\"og:image:height\" content=\"60\" \/>\n\t<meta property=\"og:image:type\" content=\"image\/png\" \/>\n<meta name=\"twitter:card\" content=\"summary_large_image\" \/>\n<meta name=\"twitter:label1\" content=\"Timp estimat pentru citire\" \/>\n\t<meta name=\"twitter:data1\" content=\"1 minut\" \/>\n<script type=\"application\/ld+json\" class=\"yoast-schema-graph\">{\"@context\":\"https:\\\/\\\/schema.org\",\"@graph\":[{\"@type\":\"WebPage\",\"@id\":\"https:\\\/\\\/past.hrportal.md\\\/ro\\\/?post_type=event_listing&p=9740\",\"url\":\"https:\\\/\\\/past.hrportal.md\\\/ro\\\/?post_type=event_listing&p=9740\",\"name\":\"Seminar practic ONLINE. Particularit\u0103\u021bi privind acordarea concediilor. Salarizarea muncii- actualit\u0103\u021bi \u00een legisla\u021bie. | HRPortal\",\"isPartOf\":{\"@id\":\"http:\\\/\\\/past.hrportal.md\\\/ro\\\/#website\"},\"primaryImageOfPage\":{\"@id\":\"https:\\\/\\\/past.hrportal.md\\\/ro\\\/?post_type=event_listing&p=9740#primaryimage\"},\"image\":{\"@id\":\"https:\\\/\\\/past.hrportal.md\\\/ro\\\/?post_type=event_listing&p=9740#primaryimage\"},\"thumbnailUrl\":\"https:\\\/\\\/past.hrportal.md\\\/wp-content\\\/uploads\\\/2019\\\/08\\\/logo-hr.png\",\"datePublished\":\"2020-04-22T10:57:48+00:00\",\"dateModified\":\"2020-06-26T21:25:59+00:00\",\"breadcrumb\":{\"@id\":\"https:\\\/\\\/past.hrportal.md\\\/ro\\\/?post_type=event_listing&p=9740#breadcrumb\"},\"inLanguage\":\"ro-RO\",\"potentialAction\":[{\"@type\":\"ReadAction\",\"target\":[\"https:\\\/\\\/past.hrportal.md\\\/ro\\\/?post_type=event_listing&p=9740\"]}]},{\"@type\":\"ImageObject\",\"inLanguage\":\"ro-RO\",\"@id\":\"https:\\\/\\\/past.hrportal.md\\\/ro\\\/?post_type=event_listing&p=9740#primaryimage\",\"url\":\"https:\\\/\\\/past.hrportal.md\\\/wp-content\\\/uploads\\\/2019\\\/08\\\/logo-hr.png\",\"contentUrl\":\"https:\\\/\\\/past.hrportal.md\\\/wp-content\\\/uploads\\\/2019\\\/08\\\/logo-hr.png\",\"width\":110,\"height\":60,\"caption\":\"\u0410\u0443\u0442\u0441\u043e\u0440\u0442\u0438\u043d\u0433 \u0438 \u0443\u043f\u0440\u0430\u0432\u043b\u0435\u043d\u0438\u0435 \u043f\u0435\u0440\u0441\u043e\u043d\u0430\u043b\u043e\u043c \u0432 \u041c\u043e\u043b\u0434\u043e\u0432\u0435\"},{\"@type\":\"BreadcrumbList\",\"@id\":\"https:\\\/\\\/past.hrportal.md\\\/ro\\\/?post_type=event_listing&p=9740#breadcrumb\",\"itemListElement\":[{\"@type\":\"ListItem\",\"position\":1,\"name\":\"Prima pagin\u0103\",\"item\":\"https:\\\/\\\/past.hrportal.md\\\/ro\\\/\"},{\"@type\":\"ListItem\",\"position\":2,\"name\":\"Seminar practic ONLINE. Particularit\u0103\u021bi privind acordarea concediilor. Salarizarea muncii- actualit\u0103\u021bi \u00een legisla\u021bie.\"}]},{\"@type\":\"WebSite\",\"@id\":\"http:\\\/\\\/past.hrportal.md\\\/ro\\\/#website\",\"url\":\"http:\\\/\\\/past.hrportal.md\\\/ro\\\/\",\"name\":\"HRPortal\",\"description\":\"Cursuri de instruire \u0219i consultan\u021b\u0103 \u00een managementul resurselor umane\",\"potentialAction\":[{\"@type\":\"SearchAction\",\"target\":{\"@type\":\"EntryPoint\",\"urlTemplate\":\"http:\\\/\\\/past.hrportal.md\\\/ro\\\/?s={search_term_string}\"},\"query-input\":{\"@type\":\"PropertyValueSpecification\",\"valueRequired\":true,\"valueName\":\"search_term_string\"}}],\"inLanguage\":\"ro-RO\"}]}<\/script>\n<!-- \/ Yoast SEO plugin. -->","yoast_head_json":{"title":"Seminar practic ONLINE. Particularit\u0103\u021bi privind acordarea concediilor. Salarizarea muncii- actualit\u0103\u021bi \u00een legisla\u021bie. | HRPortal","robots":{"index":"index","follow":"follow","max-snippet":"max-snippet:-1","max-image-preview":"max-image-preview:large","max-video-preview":"max-video-preview:-1"},"canonical":"https:\/\/past.hrportal.md\/ro\/?post_type=event_listing&p=9740","og_locale":"ro_RO","og_type":"article","og_title":"Seminar practic ONLINE. Particularit\u0103\u021bi privind acordarea concediilor. Salarizarea muncii- actualit\u0103\u021bi \u00een legisla\u021bie. | HRPortal","og_description":"Particularit\u0103\u021bi privind acordarea concediilor. \u00cen program: \u00a0 Acte normative ce reglementeaz\u0103 acordarea concediilor; Formele principale...","og_url":"https:\/\/past.hrportal.md\/ro\/?post_type=event_listing&p=9740","og_site_name":"HRPortal","article_modified_time":"2020-06-26T21:25:59+00:00","og_image":[{"width":110,"height":60,"url":"https:\/\/past.hrportal.md\/wp-content\/uploads\/2019\/08\/logo-hr.png","type":"image\/png"}],"twitter_card":"summary_large_image","twitter_misc":{"Timp estimat pentru citire":"1 minut"},"schema":{"@context":"https:\/\/schema.org","@graph":[{"@type":"WebPage","@id":"https:\/\/past.hrportal.md\/ro\/?post_type=event_listing&p=9740","url":"https:\/\/past.hrportal.md\/ro\/?post_type=event_listing&p=9740","name":"Seminar practic ONLINE. Particularit\u0103\u021bi privind acordarea concediilor. Salarizarea muncii- actualit\u0103\u021bi \u00een legisla\u021bie. | HRPortal","isPartOf":{"@id":"http:\/\/past.hrportal.md\/ro\/#website"},"primaryImageOfPage":{"@id":"https:\/\/past.hrportal.md\/ro\/?post_type=event_listing&p=9740#primaryimage"},"image":{"@id":"https:\/\/past.hrportal.md\/ro\/?post_type=event_listing&p=9740#primaryimage"},"thumbnailUrl":"https:\/\/past.hrportal.md\/wp-content\/uploads\/2019\/08\/logo-hr.png","datePublished":"2020-04-22T10:57:48+00:00","dateModified":"2020-06-26T21:25:59+00:00","breadcrumb":{"@id":"https:\/\/past.hrportal.md\/ro\/?post_type=event_listing&p=9740#breadcrumb"},"inLanguage":"ro-RO","potentialAction":[{"@type":"ReadAction","target":["https:\/\/past.hrportal.md\/ro\/?post_type=event_listing&p=9740"]}]},{"@type":"ImageObject","inLanguage":"ro-RO","@id":"https:\/\/past.hrportal.md\/ro\/?post_type=event_listing&p=9740#primaryimage","url":"https:\/\/past.hrportal.md\/wp-content\/uploads\/2019\/08\/logo-hr.png","contentUrl":"https:\/\/past.hrportal.md\/wp-content\/uploads\/2019\/08\/logo-hr.png","width":110,"height":60,"caption":"\u0410\u0443\u0442\u0441\u043e\u0440\u0442\u0438\u043d\u0433 \u0438 \u0443\u043f\u0440\u0430\u0432\u043b\u0435\u043d\u0438\u0435 \u043f\u0435\u0440\u0441\u043e\u043d\u0430\u043b\u043e\u043c \u0432 \u041c\u043e\u043b\u0434\u043e\u0432\u0435"},{"@type":"BreadcrumbList","@id":"https:\/\/past.hrportal.md\/ro\/?post_type=event_listing&p=9740#breadcrumb","itemListElement":[{"@type":"ListItem","position":1,"name":"Prima pagin\u0103","item":"https:\/\/past.hrportal.md\/ro\/"},{"@type":"ListItem","position":2,"name":"Seminar practic ONLINE. Particularit\u0103\u021bi privind acordarea concediilor. Salarizarea muncii- actualit\u0103\u021bi \u00een legisla\u021bie."}]},{"@type":"WebSite","@id":"http:\/\/past.hrportal.md\/ro\/#website","url":"http:\/\/past.hrportal.md\/ro\/","name":"HRPortal","description":"Cursuri de instruire \u0219i consultan\u021b\u0103 \u00een managementul resurselor umane","potentialAction":[{"@type":"SearchAction","target":{"@type":"EntryPoint","urlTemplate":"http:\/\/past.hrportal.md\/ro\/?s={search_term_string}"},"query-input":{"@type":"PropertyValueSpecification","valueRequired":true,"valueName":"search_term_string"}}],"inLanguage":"ro-RO"}]}},"_links":{"self":[{"href":"https:\/\/past.hrportal.md\/ro\/wp-json\/wp\/v2\/event_listing\/9740","targetHints":{"allow":["GET"]}}],"collection":[{"href":"https:\/\/past.hrportal.md\/ro\/wp-json\/wp\/v2\/event_listing"}],"about":[{"href":"https:\/\/past.hrportal.md\/ro\/wp-json\/wp\/v2\/types\/event_listing"}],"wp:featuredmedia":[{"embeddable":true,"href":"https:\/\/past.hrportal.md\/ro\/wp-json\/wp\/v2\/media\/4278"}],"wp:attachment":[{"href":"https:\/\/past.hrportal.md\/ro\/wp-json\/wp\/v2\/media?parent=9740"}],"curies":[{"name":"wp","href":"https:\/\/api.w.org\/{rel}","templated":true}]}}