{"id":9744,"date":"2020-04-27T15:17:26","date_gmt":"2020-04-27T12:17:26","guid":{"rendered":"https:\/\/past.hrportal.md\/?post_type=event_listing&#038;p=9744"},"modified":"2020-05-25T12:06:36","modified_gmt":"2020-05-25T09:06:36","slug":"live-pe-facebook-hr-bright-talks","status":"expired","type":"event_listing","link":"https:\/\/past.hrportal.md\/ro\/?post_type=event_listing&p=9744","title":{"rendered":"LIVE pe FACEBOOK: HR bRight Talks"},"content":{"rendered":"<p><strong><img loading=\"lazy\" decoding=\"async\" class=\"alignnone size-full wp-image-9517\" src=\"http:\/\/past.hrportal.md\/wp-content\/uploads\/2020\/02\/download-1-e1582538806936.jpg\" alt=\"\u0410\u0443\u0442\u0441\u043e\u0440\u0442\u0438\u043d\u0433 \u0438 \u0443\u043f\u0440\u0430\u0432\u043b\u0435\u043d\u0438\u0435 \u043f\u0435\u0440\u0441\u043e\u043d\u0430\u043b\u043e\u043c \u0432 \u041c\u043e\u043b\u0434\u043e\u0432\u0435\" width=\"20\" height=\"20\" \/> Ce este HR bRight Talks?<\/strong> Discutii pozitive, \u201cluminoase\u201d despre bunele practici ce privesc toate aspectele \u00een managementul resurselor umane, despre metode, instrumente \u015fi solu\u021bii de success.<\/p>\n<p><strong><img loading=\"lazy\" decoding=\"async\" class=\"alignnone size-full wp-image-9517\" src=\"http:\/\/past.hrportal.md\/wp-content\/uploads\/2020\/02\/download-1-e1582538806936.jpg\" alt=\"\u0410\u0443\u0442\u0441\u043e\u0440\u0442\u0438\u043d\u0433 \u0438 \u0443\u043f\u0440\u0430\u0432\u043b\u0435\u043d\u0438\u0435 \u043f\u0435\u0440\u0441\u043e\u043d\u0430\u043b\u043e\u043c \u0432 \u041c\u043e\u043b\u0434\u043e\u0432\u0435\" width=\"20\" height=\"20\" \/>De ce avem nevoie de<\/strong> <strong>HR bRight Talks<\/strong>? \u00cen prezent trecem prin 2 crize, una pandemic\u0103, la care deja ne-am adaptat \u0219i am g\u0103sit solu\u021biile \u0219i r\u0103spunsurile necesare, dar continu\u0103 o criz\u0103 economic\u0103 care are impact asupra tuturor proceselor de business, inclusiv cele de HR. Cu aceste evenimente s\u0103pt\u0103m\u00eenale inten\u021bion\u0103m s\u0103 ne \u00eembog\u0103\u021bim cu strategii ca s\u0103 reac\u021bion\u0103m <strong>proactiv, <\/strong>s\u0103 planific\u0103m \u0219i s\u0103 anticip\u0103m schimb\u0103rile globale.<\/p>\n<p><strong><img loading=\"lazy\" decoding=\"async\" class=\"alignnone size-full wp-image-9517\" src=\"http:\/\/past.hrportal.md\/wp-content\/uploads\/2020\/02\/download-1-e1582538806936.jpg\" alt=\"\u0410\u0443\u0442\u0441\u043e\u0440\u0442\u0438\u043d\u0433 \u0438 \u0443\u043f\u0440\u0430\u0432\u043b\u0435\u043d\u0438\u0435 \u043f\u0435\u0440\u0441\u043e\u043d\u0430\u043b\u043e\u043c \u0432 \u041c\u043e\u043b\u0434\u043e\u0432\u0435\" width=\"20\" height=\"20\" \/><\/strong>\u00cen fiecare s\u0103pt\u0103m\u00een\u0103 avem cite un HR expert, invitat, din companii de diferit format, de la mic la mare, din cele mai variate industrii sau domenii de consultan\u021b\u0103, care ne vor\u00a0 \u00eemp\u0103rt\u0103\u0219i deschis trenduri, viziuni \u0219i planuri de ac\u021biuni.<\/p>\n<p>&nbsp;<\/p>\n<p><strong>C\u00eend \u0219i unde? <\/strong>Joi, 30 aprilie, la ora 16.00, pe Facebook, LIVE.<\/p>\n<p>Urm\u0103re\u0219te-ne ca s\u0103 vezi cine este <strong>INVITAT-ul SPECIAL<\/strong>!<\/p>\n<p>&nbsp;<\/p>\n","protected":false},"featured_media":0,"template":"","meta":[],"class_list":["post-9744","event_listing","type-event_listing","status-expired","hentry"],"yoast_head":"<!-- This site is optimized with the Yoast SEO plugin v27.5 - https:\/\/yoast.com\/product\/yoast-seo-wordpress\/ -->\n<title>LIVE pe FACEBOOK: HR bRight Talks | HRPortal<\/title>\n<meta name=\"robots\" content=\"index, follow, max-snippet:-1, max-image-preview:large, max-video-preview:-1\" \/>\n<link rel=\"canonical\" href=\"https:\/\/past.hrportal.md\/ro\/?post_type=event_listing&p=9744\" \/>\n<meta property=\"og:locale\" content=\"ro_RO\" \/>\n<meta property=\"og:type\" content=\"article\" \/>\n<meta property=\"og:title\" content=\"LIVE pe FACEBOOK: HR bRight Talks | HRPortal\" \/>\n<meta property=\"og:description\" content=\"Ce este HR bRight Talks? Discutii pozitive, \u201cluminoase\u201d despre bunele practici ce privesc toate aspectele...\" \/>\n<meta property=\"og:url\" content=\"https:\/\/past.hrportal.md\/ro\/?post_type=event_listing&amp;p=9744\" \/>\n<meta property=\"og:site_name\" content=\"HRPortal\" \/>\n<meta property=\"article:modified_time\" content=\"2020-05-25T09:06:36+00:00\" \/>\n<meta property=\"og:image\" content=\"http:\/\/past.hrportal.md\/wp-content\/uploads\/2020\/02\/download-1-e1582538806936.jpg\" \/>\n<meta name=\"twitter:card\" content=\"summary_large_image\" \/>\n<meta name=\"twitter:label1\" content=\"Timp estimat pentru citire\" \/>\n\t<meta name=\"twitter:data1\" content=\"1 minut\" \/>\n<script type=\"application\/ld+json\" class=\"yoast-schema-graph\">{\"@context\":\"https:\\\/\\\/schema.org\",\"@graph\":[{\"@type\":\"WebPage\",\"@id\":\"https:\\\/\\\/past.hrportal.md\\\/ro\\\/?post_type=event_listing&p=9744\",\"url\":\"https:\\\/\\\/past.hrportal.md\\\/ro\\\/?post_type=event_listing&p=9744\",\"name\":\"LIVE pe FACEBOOK: HR bRight Talks | HRPortal\",\"isPartOf\":{\"@id\":\"http:\\\/\\\/past.hrportal.md\\\/ro\\\/#website\"},\"primaryImageOfPage\":{\"@id\":\"https:\\\/\\\/past.hrportal.md\\\/ro\\\/?post_type=event_listing&p=9744#primaryimage\"},\"image\":{\"@id\":\"https:\\\/\\\/past.hrportal.md\\\/ro\\\/?post_type=event_listing&p=9744#primaryimage\"},\"thumbnailUrl\":\"http:\\\/\\\/past.hrportal.md\\\/wp-content\\\/uploads\\\/2020\\\/02\\\/download-1-e1582538806936.jpg\",\"datePublished\":\"2020-04-27T12:17:26+00:00\",\"dateModified\":\"2020-05-25T09:06:36+00:00\",\"breadcrumb\":{\"@id\":\"https:\\\/\\\/past.hrportal.md\\\/ro\\\/?post_type=event_listing&p=9744#breadcrumb\"},\"inLanguage\":\"ro-RO\",\"potentialAction\":[{\"@type\":\"ReadAction\",\"target\":[\"https:\\\/\\\/past.hrportal.md\\\/ro\\\/?post_type=event_listing&p=9744\"]}]},{\"@type\":\"ImageObject\",\"inLanguage\":\"ro-RO\",\"@id\":\"https:\\\/\\\/past.hrportal.md\\\/ro\\\/?post_type=event_listing&p=9744#primaryimage\",\"url\":\"http:\\\/\\\/past.hrportal.md\\\/wp-content\\\/uploads\\\/2020\\\/02\\\/download-1-e1582538806936.jpg\",\"contentUrl\":\"http:\\\/\\\/past.hrportal.md\\\/wp-content\\\/uploads\\\/2020\\\/02\\\/download-1-e1582538806936.jpg\"},{\"@type\":\"BreadcrumbList\",\"@id\":\"https:\\\/\\\/past.hrportal.md\\\/ro\\\/?post_type=event_listing&p=9744#breadcrumb\",\"itemListElement\":[{\"@type\":\"ListItem\",\"position\":1,\"name\":\"Prima pagin\u0103\",\"item\":\"https:\\\/\\\/past.hrportal.md\\\/ro\\\/\"},{\"@type\":\"ListItem\",\"position\":2,\"name\":\"LIVE pe FACEBOOK: HR bRight Talks\"}]},{\"@type\":\"WebSite\",\"@id\":\"http:\\\/\\\/past.hrportal.md\\\/ro\\\/#website\",\"url\":\"http:\\\/\\\/past.hrportal.md\\\/ro\\\/\",\"name\":\"HRPortal\",\"description\":\"Cursuri de instruire \u0219i consultan\u021b\u0103 \u00een managementul resurselor umane\",\"potentialAction\":[{\"@type\":\"SearchAction\",\"target\":{\"@type\":\"EntryPoint\",\"urlTemplate\":\"http:\\\/\\\/past.hrportal.md\\\/ro\\\/?s={search_term_string}\"},\"query-input\":{\"@type\":\"PropertyValueSpecification\",\"valueRequired\":true,\"valueName\":\"search_term_string\"}}],\"inLanguage\":\"ro-RO\"}]}<\/script>\n<!-- \/ Yoast SEO plugin. -->","yoast_head_json":{"title":"LIVE pe FACEBOOK: HR bRight Talks | HRPortal","robots":{"index":"index","follow":"follow","max-snippet":"max-snippet:-1","max-image-preview":"max-image-preview:large","max-video-preview":"max-video-preview:-1"},"canonical":"https:\/\/past.hrportal.md\/ro\/?post_type=event_listing&p=9744","og_locale":"ro_RO","og_type":"article","og_title":"LIVE pe FACEBOOK: HR bRight Talks | HRPortal","og_description":"Ce este HR bRight Talks? Discutii pozitive, \u201cluminoase\u201d despre bunele practici ce privesc toate aspectele...","og_url":"https:\/\/past.hrportal.md\/ro\/?post_type=event_listing&p=9744","og_site_name":"HRPortal","article_modified_time":"2020-05-25T09:06:36+00:00","og_image":[{"url":"http:\/\/past.hrportal.md\/wp-content\/uploads\/2020\/02\/download-1-e1582538806936.jpg","type":"","width":"","height":""}],"twitter_card":"summary_large_image","twitter_misc":{"Timp estimat pentru citire":"1 minut"},"schema":{"@context":"https:\/\/schema.org","@graph":[{"@type":"WebPage","@id":"https:\/\/past.hrportal.md\/ro\/?post_type=event_listing&p=9744","url":"https:\/\/past.hrportal.md\/ro\/?post_type=event_listing&p=9744","name":"LIVE pe FACEBOOK: HR bRight Talks | HRPortal","isPartOf":{"@id":"http:\/\/past.hrportal.md\/ro\/#website"},"primaryImageOfPage":{"@id":"https:\/\/past.hrportal.md\/ro\/?post_type=event_listing&p=9744#primaryimage"},"image":{"@id":"https:\/\/past.hrportal.md\/ro\/?post_type=event_listing&p=9744#primaryimage"},"thumbnailUrl":"http:\/\/past.hrportal.md\/wp-content\/uploads\/2020\/02\/download-1-e1582538806936.jpg","datePublished":"2020-04-27T12:17:26+00:00","dateModified":"2020-05-25T09:06:36+00:00","breadcrumb":{"@id":"https:\/\/past.hrportal.md\/ro\/?post_type=event_listing&p=9744#breadcrumb"},"inLanguage":"ro-RO","potentialAction":[{"@type":"ReadAction","target":["https:\/\/past.hrportal.md\/ro\/?post_type=event_listing&p=9744"]}]},{"@type":"ImageObject","inLanguage":"ro-RO","@id":"https:\/\/past.hrportal.md\/ro\/?post_type=event_listing&p=9744#primaryimage","url":"http:\/\/past.hrportal.md\/wp-content\/uploads\/2020\/02\/download-1-e1582538806936.jpg","contentUrl":"http:\/\/past.hrportal.md\/wp-content\/uploads\/2020\/02\/download-1-e1582538806936.jpg"},{"@type":"BreadcrumbList","@id":"https:\/\/past.hrportal.md\/ro\/?post_type=event_listing&p=9744#breadcrumb","itemListElement":[{"@type":"ListItem","position":1,"name":"Prima pagin\u0103","item":"https:\/\/past.hrportal.md\/ro\/"},{"@type":"ListItem","position":2,"name":"LIVE pe FACEBOOK: HR bRight Talks"}]},{"@type":"WebSite","@id":"http:\/\/past.hrportal.md\/ro\/#website","url":"http:\/\/past.hrportal.md\/ro\/","name":"HRPortal","description":"Cursuri de instruire \u0219i consultan\u021b\u0103 \u00een managementul resurselor umane","potentialAction":[{"@type":"SearchAction","target":{"@type":"EntryPoint","urlTemplate":"http:\/\/past.hrportal.md\/ro\/?s={search_term_string}"},"query-input":{"@type":"PropertyValueSpecification","valueRequired":true,"valueName":"search_term_string"}}],"inLanguage":"ro-RO"}]}},"_links":{"self":[{"href":"https:\/\/past.hrportal.md\/ro\/wp-json\/wp\/v2\/event_listing\/9744","targetHints":{"allow":["GET"]}}],"collection":[{"href":"https:\/\/past.hrportal.md\/ro\/wp-json\/wp\/v2\/event_listing"}],"about":[{"href":"https:\/\/past.hrportal.md\/ro\/wp-json\/wp\/v2\/types\/event_listing"}],"wp:attachment":[{"href":"https:\/\/past.hrportal.md\/ro\/wp-json\/wp\/v2\/media?parent=9744"}],"curies":[{"name":"wp","href":"https:\/\/api.w.org\/{rel}","templated":true}]}}