{"id":4141,"date":"2019-08-06T11:11:11","date_gmt":"2019-08-06T11:11:11","guid":{"rendered":"https:\/\/past.hrportal.md\/?page_id=4141"},"modified":"2019-08-08T12:45:24","modified_gmt":"2019-08-08T09:45:24","slug":"blog","status":"publish","type":"page","link":"https:\/\/past.hrportal.md\/ro\/blog\/","title":{"rendered":"Blog"},"content":{"rendered":"<p>[vc_row css=&#8221;.vc_custom_1565256779138{padding-top: 50px !important;padding-bottom: 90px !important;}&#8221;][vc_column align=&#8221;text-center&#8221; offset=&#8221;vc_col-md-offset-2 vc_col-md-8&#8243;]<style>.ld_fancy_heading_69efb377da9ad h3 {margin-bottom:0.15em !important;  } .ld_fancy_heading_69efb377da9ad .lqd-highlight-inner{height:0.275em;bottom:0px;}.ld_fancy_heading_69efb377da9ad h3 {margin-bottom:0.15em !important;  } <\/style><div class=\"ld-fancy-heading ld_fancy_heading_69efb377da9ad\">\n\t<h3 class=\"lqd-highlight-underline lqd-highlight-grow-left\" ><span class=\"ld-fh-txt\"> Blog<\/span><\/h3><\/div><style>.ld_fancy_heading_69efb377db676 .lqd-highlight-inner{height:0.275em;bottom:0px;}<\/style><div class=\"ld-fancy-heading ld_fancy_heading_69efb377db676\">\n\t<p class=\"lqd-highlight-underline lqd-highlight-grow-left\" ><span class=\"ld-fh-txt\"> Blogul companiei HRPortal<\/span><\/p><\/div><style>.ld_spacer_69efb377db8bf{height:60px;}<\/style>\n<div class=\"ld-empty-space ld_spacer_69efb377db8bf\"><span class=\"liquid_empty_space_inner\"><\/span><\/div>[\/vc_column][vc_column]<style>.ld_blog_69efb377dbaec .liquid-blog-grid{margin-left:-15px;margin-right:-15px;}.ld_blog_69efb377dbaec .liquid-blog-grid > div{padding-left:15px;padding-right:15px;}.ld_blog_69efb377dbaec .liquid-blog-grid .liquid-lp{margin-bottom:30px;}.ld_blog_69efb377dbaec .filter-list{margin-bottom:px;}.ld_blog_69efb377dbaec .liquid-blog-item .liquid-lp-title,.ld_blog_69efb377dbaec .liquid-lp .liquid-lp-title{font-size:36;font-weight:500!important;margin-top:px;margin-bottom:px;}<\/style><div data-filter-id=\"ld-1565255385378-aeae65e0-7ea4\" class=\"liquid-blog-posts ld_blog_69efb377dbaec ld-1565255385379-7fdb0d98-6bb4 \" data-post-per-page=\"5\"><div class=\"liquid-blog-grid liquid-blog-style-split row\" data-liquid-masonry=\"true\" data-masonry-options='{ \"stagger\": 50, \"hiddenStyle\": { \"transform\": \"translateY(100px)\", \"opacity\": 0 }, \"visibleStyle\": { \"transform\": \"translateY(0)\", \"opacity\": 1 }, \"filtersID\": \"#ld-1565255385378-aeae65e0-7ea4\" }'><div class=\"col-sm-12 masonry-item blog\"><article id=\"post-10751\" class=\"liquid-lp liquid-blog-item liquid-blog-item-split liquid-blog-scheme-dark liquid-blog-scheme-dark-alt post-10751 post type-post status-publish format-video has-post-thumbnail hentry category-blog post_format-post-format-video\"><figure class=\"liquid-lp-media \"  ><a  href=\"https:\/\/past.hrportal.md\/ro\/2023\/11\/06\/tot-ce-trebuie-sa-stii-despre-salarii-cum-il-negociezi-si-cand-sa-ceri-o-majorare\/\"><img loading=\"lazy\" decoding=\"async\" width=\"570\" height=\"350\" src=\"https:\/\/past.hrportal.md\/wp-content\/uploads\/2023\/11\/1-2-570x350.jpg\" class=\"attachment-liquid-split-blog size-liquid-split-blog wp-post-image\" alt=\"Aspectele pe care trebuie s\u0103 le cuno\u0219ti despre remunerarea financiar\u0103 a muncii tale\" \/><\/a><\/figure>\n<div class=\"liquid-blog-item-inner\">\n\t<a  href=\"https:\/\/past.hrportal.md\/ro\/2023\/11\/06\/tot-ce-trebuie-sa-stii-despre-salarii-cum-il-negociezi-si-cand-sa-ceri-o-majorare\/\" class=\"liquid-overlay-link\">Tot ce trebuie s\u0103 \u0219tii despre salarii: cum \u00eel negociezi \u0219i c\u00e2nd s\u0103 ceri o majorare<\/a>\t<header class=\"liquid-lp-header\">\n\t\t<h2 class=\"liquid-lp-title font-weight-bold h3 size-md\">\n\t\t\t<a href=\"https:\/\/past.hrportal.md\/ro\/2023\/11\/06\/tot-ce-trebuie-sa-stii-despre-salarii-cum-il-negociezi-si-cand-sa-ceri-o-majorare\/\" data-split-text=\"true\" data-split-options='{ \"type\": \"lines\" }'>Tot ce trebuie s\u0103 \u0219tii despre salarii: cum \u00eel negociezi \u0219i c\u00e2nd s\u0103 ceri o majorare<\/a>\n\t\t<\/h2>\n\t\t<div class=\"liquid-lp-details liquid-lp-details-lined size-sm text-uppercase lp-sp-1\">\n\t\t\t\t\t\t<time class=\"published updated liquid-lp-date\" datetime=\"2023-11-06T15:06:26+03:00\">noiembrie 6, 2023<\/time>\t\t<\/div><!-- \/.liquid-lp-details -->\n\t<\/header>\n\t\n\t\t\t\t<div class=\"liquid-lp-excerpt entry-summary \">\n\t\t\t\t<p>&nbsp; Salariul este adesea privit ca motivul principal pentru care oamenii aleg s\u0103 se angajeze la un anumit loc de munc\u0103. Cu toate acestea, o discu\u021bie recent\u0103 cu Cristina Fle\u0219tor, fondatoarea \u0219i directoarea HR Portal, arunc\u0103 o lumin\u0103 nou\u0103 asupra<\/p>\n\t\t\t<\/div><!-- \/.latest-post-excerpt -->\n\t\t\t\n\t<footer class=\"liquid-lp-footer\">\n\t\t<a href=\"https:\/\/past.hrportal.md\/ro\/2023\/11\/06\/tot-ce-trebuie-sa-stii-despre-salarii-cum-il-negociezi-si-cand-sa-ceri-o-majorare\/\" class=\"btn btn-naked text-uppercase ltr-sp-1 size-sm font-weight-bold liquid-lp-read-more\">\n\t\t\t<span>\n\t\t\t\t<span class=\"btn-line btn-line-before\"><\/span>\n\t\t\t\t<span class=\"btn-txt\">Continua\u021bi lectur\u0103<\/span>\n\t\t\t\t<span class=\"btn-line btn-line-after\"><\/span>\n\t\t\t<\/span>\n\t\t<\/a>\n\t<\/footer>\n\t\n<\/div><!-- \/.liquid-blog-item-inner --><\/article><\/div><div class=\"col-sm-12 masonry-item blog news\"><article id=\"post-10702\" class=\"liquid-lp liquid-blog-item liquid-blog-item-split liquid-blog-scheme-dark liquid-blog-scheme-dark-alt post-10702 post type-post status-publish format-standard has-post-thumbnail hentry category-blog category-news\"><figure class=\"liquid-lp-media \"  ><a  href=\"https:\/\/past.hrportal.md\/ro\/2023\/03\/23\/lucrezi-in-hr-sau-esti-interesat-de-legislatia-muncii-rezerva-ti-un-loc-la-conferinta-nationala-legislatia-muncii-in-contextul-digitalizarii-si-globalizarii\/\"><img loading=\"lazy\" decoding=\"async\" width=\"570\" height=\"350\" src=\"https:\/\/past.hrportal.md\/wp-content\/uploads\/2023\/03\/Facebook-Baner-Conferinta-fara-logo-rabota.md_-570x350.png\" class=\"attachment-liquid-split-blog size-liquid-split-blog wp-post-image\" alt=\"Dac\u0103 e\u0219ti specialist \u00een resurse umane, contabil, jurist, director de companie, reprezentant ONG, liber profesionist sau, pur \u0219i simplu, interesat de drepturile \u0219i obliga\u021biile \u00een calitate de angajat sau angajator, atunci rezerv\u0103 zilele de 5 \u0219i 6 aprilie \u00een calendarul t\u0103u.\" \/><\/a><\/figure>\n<div class=\"liquid-blog-item-inner\">\n\t<a  href=\"https:\/\/past.hrportal.md\/ro\/2023\/03\/23\/lucrezi-in-hr-sau-esti-interesat-de-legislatia-muncii-rezerva-ti-un-loc-la-conferinta-nationala-legislatia-muncii-in-contextul-digitalizarii-si-globalizarii\/\" class=\"liquid-overlay-link\">Lucrezi \u00een HR sau e\u0219ti interesat de legisla\u021bia muncii? Rezerv\u0103-\u021bi un loc la Conferin\u021ba Na\u021bional\u0103 \u201eLegisla\u021bia muncii \u00een contextul digitaliz\u0103rii \u0219i globaliz\u0103rii\u201d<\/a>\t<header class=\"liquid-lp-header\">\n\t\t<h2 class=\"liquid-lp-title font-weight-bold h3 size-md\">\n\t\t\t<a href=\"https:\/\/past.hrportal.md\/ro\/2023\/03\/23\/lucrezi-in-hr-sau-esti-interesat-de-legislatia-muncii-rezerva-ti-un-loc-la-conferinta-nationala-legislatia-muncii-in-contextul-digitalizarii-si-globalizarii\/\" data-split-text=\"true\" data-split-options='{ \"type\": \"lines\" }'>Lucrezi \u00een HR sau e\u0219ti interesat de legisla\u021bia muncii? Rezerv\u0103-\u021bi un loc la Conferin\u021ba Na\u021bional\u0103 \u201eLegisla\u021bia muncii \u00een contextul digitaliz\u0103rii \u0219i globaliz\u0103rii\u201d<\/a>\n\t\t<\/h2>\n\t\t<div class=\"liquid-lp-details liquid-lp-details-lined size-sm text-uppercase lp-sp-1\">\n\t\t\t\t\t\t<time class=\"published updated liquid-lp-date\" datetime=\"2023-03-23T15:07:36+03:00\">martie 23, 2023<\/time>\t\t<\/div><!-- \/.liquid-lp-details -->\n\t<\/header>\n\t\n\t\t\t\t<div class=\"liquid-lp-excerpt entry-summary \">\n\t\t\t\t<p>Lucrezi \u00een HR sau e\u0219ti interesat de legisla\u021bia muncii? Rezerv\u0103-\u021bi un loc la Conferin\u021ba Na\u021bional\u0103 \u201eLegisla\u021bia muncii \u00een contextul digitaliz\u0103rii \u0219i globaliz\u0103rii\u201d Asigur\u0103-te c\u0103 ai o conexiune bun\u0103 la Internet, preg\u0103te\u0219te ceaiul sau cafeaua preferat\u0103 \u0219i conecteaz\u0103-te pe platforma ZOOM<\/p>\n\t\t\t<\/div><!-- \/.latest-post-excerpt -->\n\t\t\t\n\t<footer class=\"liquid-lp-footer\">\n\t\t<a href=\"https:\/\/past.hrportal.md\/ro\/2023\/03\/23\/lucrezi-in-hr-sau-esti-interesat-de-legislatia-muncii-rezerva-ti-un-loc-la-conferinta-nationala-legislatia-muncii-in-contextul-digitalizarii-si-globalizarii\/\" class=\"btn btn-naked text-uppercase ltr-sp-1 size-sm font-weight-bold liquid-lp-read-more\">\n\t\t\t<span>\n\t\t\t\t<span class=\"btn-line btn-line-before\"><\/span>\n\t\t\t\t<span class=\"btn-txt\">Continua\u021bi lectur\u0103<\/span>\n\t\t\t\t<span class=\"btn-line btn-line-after\"><\/span>\n\t\t\t<\/span>\n\t\t<\/a>\n\t<\/footer>\n\t\n<\/div><!-- \/.liquid-blog-item-inner --><\/article><\/div><div class=\"col-sm-12 masonry-item blog hrpro hrstart news noutati\"><article id=\"post-10568\" class=\"liquid-lp liquid-blog-item liquid-blog-item-split liquid-blog-scheme-dark liquid-blog-scheme-dark-alt post-10568 post type-post status-publish format-standard hentry category-blog category-hrpro category-hrstart category-news category-noutati\">\n<div class=\"liquid-blog-item-inner\">\n\t<a  href=\"https:\/\/past.hrportal.md\/ro\/2022\/05\/23\/cum-sa-ti-construiesti-o-cariera-in-hr-si-de-ce-acum-e-momentul-potrivit\/\" class=\"liquid-overlay-link\">CUM S\u0102-\u021aI CONSTRUIE\u0218TI O CARIER\u0102 \u00ceN HR \u0218I DE CE ACUM E MOMENTUL POTRIVIT?<\/a>\t<header class=\"liquid-lp-header\">\n\t\t<h2 class=\"liquid-lp-title font-weight-bold h3 size-md\">\n\t\t\t<a href=\"https:\/\/past.hrportal.md\/ro\/2022\/05\/23\/cum-sa-ti-construiesti-o-cariera-in-hr-si-de-ce-acum-e-momentul-potrivit\/\" data-split-text=\"true\" data-split-options='{ \"type\": \"lines\" }'>CUM S\u0102-\u021aI CONSTRUIE\u0218TI O CARIER\u0102 \u00ceN HR \u0218I DE CE ACUM E MOMENTUL POTRIVIT?<\/a>\n\t\t<\/h2>\n\t\t<div class=\"liquid-lp-details liquid-lp-details-lined size-sm text-uppercase lp-sp-1\">\n\t\t\t\t\t\t<time class=\"published updated liquid-lp-date\" datetime=\"2022-05-23T18:08:26+03:00\">mai 23, 2022<\/time>\t\t<\/div><!-- \/.liquid-lp-details -->\n\t<\/header>\n\t\n\t\t\t\t<div class=\"liquid-lp-excerpt entry-summary \">\n\t\t\t\t<p>Vrei o schimbare \u0219i nu \u0219tii de unde s\u0103 \u00eencepi?\u00a0 Sim\u021bi c\u0103 a venit momentul s\u0103 faci o schimbare \u00een carier\u0103? \u021ai-ar pl\u0103cea s\u0103 lucrezi cu oamenii, s\u0103 comunici mai mult dar \u0219i s\u0103 ai perspective reale de cre\u0219tere \u0219i<\/p>\n\t\t\t<\/div><!-- \/.latest-post-excerpt -->\n\t\t\t\n\t<footer class=\"liquid-lp-footer\">\n\t\t<a href=\"https:\/\/past.hrportal.md\/ro\/2022\/05\/23\/cum-sa-ti-construiesti-o-cariera-in-hr-si-de-ce-acum-e-momentul-potrivit\/\" class=\"btn btn-naked text-uppercase ltr-sp-1 size-sm font-weight-bold liquid-lp-read-more\">\n\t\t\t<span>\n\t\t\t\t<span class=\"btn-line btn-line-before\"><\/span>\n\t\t\t\t<span class=\"btn-txt\">Continua\u021bi lectur\u0103<\/span>\n\t\t\t\t<span class=\"btn-line btn-line-after\"><\/span>\n\t\t\t<\/span>\n\t\t<\/a>\n\t<\/footer>\n\t\n<\/div><!-- \/.liquid-blog-item-inner --><\/article><\/div><div class=\"col-sm-12 masonry-item blog news noutati\"><article id=\"post-10539\" class=\"liquid-lp liquid-blog-item liquid-blog-item-split liquid-blog-scheme-dark liquid-blog-scheme-dark-alt post-10539 post type-post status-publish format-standard has-post-thumbnail hentry category-blog category-news category-noutati\"><figure class=\"liquid-lp-media \"  ><a  href=\"https:\/\/past.hrportal.md\/ro\/2022\/03\/07\/3-erori-in-evidenta-hr-care-iti-pot-aduce-sanctiuni-mai-mari-decat-costul-externalizarii\/\"><img loading=\"lazy\" decoding=\"async\" width=\"570\" height=\"350\" src=\"https:\/\/past.hrportal.md\/wp-content\/uploads\/2022\/03\/Design-fara-titlu-6-570x350.png\" class=\"attachment-liquid-split-blog size-liquid-split-blog wp-post-image\" alt=\"\" \/><\/a><\/figure>\n<div class=\"liquid-blog-item-inner\">\n\t<a  href=\"https:\/\/past.hrportal.md\/ro\/2022\/03\/07\/3-erori-in-evidenta-hr-care-iti-pot-aduce-sanctiuni-mai-mari-decat-costul-externalizarii\/\" class=\"liquid-overlay-link\">3 erori \u00een eviden\u021ba HR care \u00ee\u021bi pot aduce sanc\u021biuni mai mari dec\u00e2t costul externaliz\u0103rii<\/a>\t<header class=\"liquid-lp-header\">\n\t\t<h2 class=\"liquid-lp-title font-weight-bold h3 size-md\">\n\t\t\t<a href=\"https:\/\/past.hrportal.md\/ro\/2022\/03\/07\/3-erori-in-evidenta-hr-care-iti-pot-aduce-sanctiuni-mai-mari-decat-costul-externalizarii\/\" data-split-text=\"true\" data-split-options='{ \"type\": \"lines\" }'>3 erori \u00een eviden\u021ba HR care \u00ee\u021bi pot aduce sanc\u021biuni mai mari dec\u00e2t costul externaliz\u0103rii<\/a>\n\t\t<\/h2>\n\t\t<div class=\"liquid-lp-details liquid-lp-details-lined size-sm text-uppercase lp-sp-1\">\n\t\t\t\t\t\t<time class=\"published updated liquid-lp-date\" datetime=\"2022-03-07T15:47:52+03:00\">martie 7, 2022<\/time>\t\t<\/div><!-- \/.liquid-lp-details -->\n\t<\/header>\n\t\n\t\t\t\t<div class=\"liquid-lp-excerpt entry-summary \">\n\t\t\t\t<p>&nbsp; \u201dDe ce s\u0103 pl\u0103tesc lunar serviciile de eviden\u021b\u0103 HR, c\u00e2nd pot s\u0103 apelez la un serviciu unic de restabilire anual\u0103 a documentelor de personal \u0219i s\u0103 economisesc bani?\u201d Auzim des aceast\u0103 \u00eentrebare. Din p\u0103cate, mul\u021bi manageri \u00een\u021beleg cu adev\u0103rat<\/p>\n\t\t\t<\/div><!-- \/.latest-post-excerpt -->\n\t\t\t\n\t<footer class=\"liquid-lp-footer\">\n\t\t<a href=\"https:\/\/past.hrportal.md\/ro\/2022\/03\/07\/3-erori-in-evidenta-hr-care-iti-pot-aduce-sanctiuni-mai-mari-decat-costul-externalizarii\/\" class=\"btn btn-naked text-uppercase ltr-sp-1 size-sm font-weight-bold liquid-lp-read-more\">\n\t\t\t<span>\n\t\t\t\t<span class=\"btn-line btn-line-before\"><\/span>\n\t\t\t\t<span class=\"btn-txt\">Continua\u021bi lectur\u0103<\/span>\n\t\t\t\t<span class=\"btn-line btn-line-after\"><\/span>\n\t\t\t<\/span>\n\t\t<\/a>\n\t<\/footer>\n\t\n<\/div><!-- \/.liquid-blog-item-inner --><\/article><\/div><div class=\"col-sm-12 masonry-item blog\"><article id=\"post-9730\" class=\"liquid-lp liquid-blog-item liquid-blog-item-split liquid-blog-scheme-dark liquid-blog-scheme-dark-alt post-9730 post type-post status-publish format-standard has-post-thumbnail hentry category-blog\"><figure class=\"liquid-lp-media \"  ><a  href=\"https:\/\/past.hrportal.md\/ro\/2020\/04\/17\/managementul-resurselor-umane-pe-timp-de-pandemie-4-abilitati-care-trebuie-dezvoltate-pentru-angajati\/\"><img loading=\"lazy\" decoding=\"async\" width=\"570\" height=\"350\" src=\"https:\/\/past.hrportal.md\/wp-content\/uploads\/2020\/04\/Managementul-resurselor-umage-570x350.png\" class=\"attachment-liquid-split-blog size-liquid-split-blog wp-post-image\" alt=\"hr portal resurse umane\" \/><\/a><\/figure>\n<div class=\"liquid-blog-item-inner\">\n\t<a  href=\"https:\/\/past.hrportal.md\/ro\/2020\/04\/17\/managementul-resurselor-umane-pe-timp-de-pandemie-4-abilitati-care-trebuie-dezvoltate-pentru-angajati\/\" class=\"liquid-overlay-link\">Managementul resurselor umane pe timp de pandemie. 4 abilit\u0103\u021bi care trebuie dezvoltate pentru angaja\u021bi<\/a>\t<header class=\"liquid-lp-header\">\n\t\t<h2 class=\"liquid-lp-title font-weight-bold h3 size-md\">\n\t\t\t<a href=\"https:\/\/past.hrportal.md\/ro\/2020\/04\/17\/managementul-resurselor-umane-pe-timp-de-pandemie-4-abilitati-care-trebuie-dezvoltate-pentru-angajati\/\" data-split-text=\"true\" data-split-options='{ \"type\": \"lines\" }'>Managementul resurselor umane pe timp de pandemie. 4 abilit\u0103\u021bi care trebuie dezvoltate pentru angaja\u021bi<\/a>\n\t\t<\/h2>\n\t\t<div class=\"liquid-lp-details liquid-lp-details-lined size-sm text-uppercase lp-sp-1\">\n\t\t\t\t\t\t<time class=\"published updated liquid-lp-date\" datetime=\"2020-04-17T16:26:27+03:00\">aprilie 17, 2020<\/time>\t\t<\/div><!-- \/.liquid-lp-details -->\n\t<\/header>\n\t\n\t\t\t\t<div class=\"liquid-lp-excerpt entry-summary \">\n\t\t\t\t<p>Perioada actual\u0103 epidemiologic\u0103 ne impune un alt mod de via\u021ba \u0219i de munc\u0103. Mii de angaja\u021bi care p\u00e2n\u0103 ast\u0103zi foloseau anumite condi\u021bii, instrumente, algoritme pentru a-\u0219i realiza func\u021biile \u0219i a fi performan\u021bi, ast\u0103zi nu mai sunt actuale \u0219i func\u021bionale. Mul\u021bi<\/p>\n\t\t\t<\/div><!-- \/.latest-post-excerpt -->\n\t\t\t\n\t<footer class=\"liquid-lp-footer\">\n\t\t<a href=\"https:\/\/past.hrportal.md\/ro\/2020\/04\/17\/managementul-resurselor-umane-pe-timp-de-pandemie-4-abilitati-care-trebuie-dezvoltate-pentru-angajati\/\" class=\"btn btn-naked text-uppercase ltr-sp-1 size-sm font-weight-bold liquid-lp-read-more\">\n\t\t\t<span>\n\t\t\t\t<span class=\"btn-line btn-line-before\"><\/span>\n\t\t\t\t<span class=\"btn-txt\">Continua\u021bi lectur\u0103<\/span>\n\t\t\t\t<span class=\"btn-line btn-line-after\"><\/span>\n\t\t\t<\/span>\n\t\t<\/a>\n\t<\/footer>\n\t\n<\/div><!-- \/.liquid-blog-item-inner --><\/article><\/div><\/div><!--\/ .row --><div class=\"page-nav\"><nav aria-label=\"Page navigation\"><ul class=\"pagination\"><li><span aria-current=\"page\" class=\"page-numbers current\">1<\/span><\/li>\n\t<li><a class=\"page-numbers\" href=\"https:\/\/past.hrportal.md\/ro\/wp-json\/wp\/v2\/pages\/4141\/page\/2\/?ajaxify=1\">2<\/a><\/li>\n\t<li><a class=\"next page-numbers\" href=\"https:\/\/past.hrportal.md\/ro\/wp-json\/wp\/v2\/pages\/4141\/page\/2\/?ajaxify=1\"><span aria-hidden=\"true\"><i class=\"fa fa-angle-right\"><\/i><\/span><\/a><\/li><\/ul><\/nav><\/div><\/div><!--\/ .liquid-blog-posts -->[\/vc_column][\/vc_row]<\/p>\n","protected":false},"excerpt":{"rendered":"<p>[vc_row css=&#8221;.vc_custom_1565256779138{padding-top: 50px !important;padding-bottom: 90px !important;}&#8221;][vc_column align=&#8221;text-center&#8221; offset=&#8221;vc_col-md-offset-2 vc_col-md-8&#8243;][\/vc_column][vc_column][\/vc_column][\/vc_row]<\/p>\n","protected":false},"author":1,"featured_media":0,"parent":0,"menu_order":0,"comment_status":"closed","ping_status":"closed","template":"","meta":{"footnotes":""},"class_list":["post-4141","page","type-page","status-publish","hentry"],"yoast_head":"<!-- This site is optimized with the Yoast SEO plugin v27.4 - https:\/\/yoast.com\/product\/yoast-seo-wordpress\/ -->\n<title>Blog | HRPortal<\/title>\n<meta name=\"robots\" content=\"index, follow, max-snippet:-1, max-image-preview:large, max-video-preview:-1\" \/>\n<link rel=\"canonical\" href=\"https:\/\/past.hrportal.md\/ro\/blog\/\" \/>\n<meta property=\"og:locale\" content=\"ro_RO\" \/>\n<meta property=\"og:type\" content=\"article\" \/>\n<meta property=\"og:title\" content=\"Blog | HRPortal\" \/>\n<meta property=\"og:description\" content=\"[vc_row css=&#8221;.vc_custom_1565256779138{padding-top: 50px !important;padding-bottom: 90px !important;}&#8221;][vc_column align=&#8221;text-center&#8221; offset=&#8221;vc_col-md-offset-2 vc_col-md-8&#8243;][\/vc_column][vc_column][\/vc_column][\/vc_row]\" \/>\n<meta property=\"og:url\" content=\"https:\/\/past.hrportal.md\/ro\/blog\/\" \/>\n<meta property=\"og:site_name\" content=\"HRPortal\" \/>\n<meta property=\"article:modified_time\" content=\"2019-08-08T09:45:24+00:00\" \/>\n<meta name=\"twitter:card\" content=\"summary_large_image\" \/>\n<meta name=\"twitter:label1\" content=\"Timp estimat pentru citire\" \/>\n\t<meta name=\"twitter:data1\" content=\"1 minut\" \/>\n<script type=\"application\/ld+json\" class=\"yoast-schema-graph\">{\"@context\":\"https:\\\/\\\/schema.org\",\"@graph\":[{\"@type\":\"WebPage\",\"@id\":\"https:\\\/\\\/past.hrportal.md\\\/ro\\\/blog\\\/\",\"url\":\"https:\\\/\\\/past.hrportal.md\\\/ro\\\/blog\\\/\",\"name\":\"Blog | HRPortal\",\"isPartOf\":{\"@id\":\"https:\\\/\\\/past.hrportal.md\\\/ro\\\/#website\"},\"datePublished\":\"2019-08-06T11:11:11+00:00\",\"dateModified\":\"2019-08-08T09:45:24+00:00\",\"breadcrumb\":{\"@id\":\"https:\\\/\\\/past.hrportal.md\\\/ro\\\/blog\\\/#breadcrumb\"},\"inLanguage\":\"ro-RO\",\"potentialAction\":[{\"@type\":\"ReadAction\",\"target\":[\"https:\\\/\\\/past.hrportal.md\\\/ro\\\/blog\\\/\"]}]},{\"@type\":\"BreadcrumbList\",\"@id\":\"https:\\\/\\\/past.hrportal.md\\\/ro\\\/blog\\\/#breadcrumb\",\"itemListElement\":[{\"@type\":\"ListItem\",\"position\":1,\"name\":\"Prima pagin\u0103\",\"item\":\"https:\\\/\\\/past.hrportal.md\\\/ro\\\/\"},{\"@type\":\"ListItem\",\"position\":2,\"name\":\"Blog\"}]},{\"@type\":\"WebSite\",\"@id\":\"https:\\\/\\\/past.hrportal.md\\\/ro\\\/#website\",\"url\":\"https:\\\/\\\/past.hrportal.md\\\/ro\\\/\",\"name\":\"HRPortal\",\"description\":\"Cursuri de instruire \u0219i consultan\u021b\u0103 \u00een managementul resurselor umane\",\"potentialAction\":[{\"@type\":\"SearchAction\",\"target\":{\"@type\":\"EntryPoint\",\"urlTemplate\":\"https:\\\/\\\/past.hrportal.md\\\/ro\\\/?s={search_term_string}\"},\"query-input\":{\"@type\":\"PropertyValueSpecification\",\"valueRequired\":true,\"valueName\":\"search_term_string\"}}],\"inLanguage\":\"ro-RO\"}]}<\/script>\n<!-- \/ Yoast SEO plugin. -->","yoast_head_json":{"title":"Blog | HRPortal","robots":{"index":"index","follow":"follow","max-snippet":"max-snippet:-1","max-image-preview":"max-image-preview:large","max-video-preview":"max-video-preview:-1"},"canonical":"https:\/\/past.hrportal.md\/ro\/blog\/","og_locale":"ro_RO","og_type":"article","og_title":"Blog | HRPortal","og_description":"[vc_row css=&#8221;.vc_custom_1565256779138{padding-top: 50px !important;padding-bottom: 90px !important;}&#8221;][vc_column align=&#8221;text-center&#8221; offset=&#8221;vc_col-md-offset-2 vc_col-md-8&#8243;][\/vc_column][vc_column][\/vc_column][\/vc_row]","og_url":"https:\/\/past.hrportal.md\/ro\/blog\/","og_site_name":"HRPortal","article_modified_time":"2019-08-08T09:45:24+00:00","twitter_card":"summary_large_image","twitter_misc":{"Timp estimat pentru citire":"1 minut"},"schema":{"@context":"https:\/\/schema.org","@graph":[{"@type":"WebPage","@id":"https:\/\/past.hrportal.md\/ro\/blog\/","url":"https:\/\/past.hrportal.md\/ro\/blog\/","name":"Blog | HRPortal","isPartOf":{"@id":"https:\/\/past.hrportal.md\/ro\/#website"},"datePublished":"2019-08-06T11:11:11+00:00","dateModified":"2019-08-08T09:45:24+00:00","breadcrumb":{"@id":"https:\/\/past.hrportal.md\/ro\/blog\/#breadcrumb"},"inLanguage":"ro-RO","potentialAction":[{"@type":"ReadAction","target":["https:\/\/past.hrportal.md\/ro\/blog\/"]}]},{"@type":"BreadcrumbList","@id":"https:\/\/past.hrportal.md\/ro\/blog\/#breadcrumb","itemListElement":[{"@type":"ListItem","position":1,"name":"Prima pagin\u0103","item":"https:\/\/past.hrportal.md\/ro\/"},{"@type":"ListItem","position":2,"name":"Blog"}]},{"@type":"WebSite","@id":"https:\/\/past.hrportal.md\/ro\/#website","url":"https:\/\/past.hrportal.md\/ro\/","name":"HRPortal","description":"Cursuri de instruire \u0219i consultan\u021b\u0103 \u00een managementul resurselor umane","potentialAction":[{"@type":"SearchAction","target":{"@type":"EntryPoint","urlTemplate":"https:\/\/past.hrportal.md\/ro\/?s={search_term_string}"},"query-input":{"@type":"PropertyValueSpecification","valueRequired":true,"valueName":"search_term_string"}}],"inLanguage":"ro-RO"}]}},"_links":{"self":[{"href":"https:\/\/past.hrportal.md\/ro\/wp-json\/wp\/v2\/pages\/4141","targetHints":{"allow":["GET"]}}],"collection":[{"href":"https:\/\/past.hrportal.md\/ro\/wp-json\/wp\/v2\/pages"}],"about":[{"href":"https:\/\/past.hrportal.md\/ro\/wp-json\/wp\/v2\/types\/page"}],"author":[{"embeddable":true,"href":"https:\/\/past.hrportal.md\/ro\/wp-json\/wp\/v2\/users\/1"}],"replies":[{"embeddable":true,"href":"https:\/\/past.hrportal.md\/ro\/wp-json\/wp\/v2\/comments?post=4141"}],"version-history":[{"count":0,"href":"https:\/\/past.hrportal.md\/ro\/wp-json\/wp\/v2\/pages\/4141\/revisions"}],"wp:attachment":[{"href":"https:\/\/past.hrportal.md\/ro\/wp-json\/wp\/v2\/media?parent=4141"}],"curies":[{"name":"wp","href":"https:\/\/api.w.org\/{rel}","templated":true}]}}